{"id":18880,"date":"2022-03-03T20:38:30","date_gmt":"2022-03-03T19:38:30","guid":{"rendered":"https:\/\/www.richter.ca\/?post_type=busadv&#038;p=18880"},"modified":"2026-04-01T03:16:27","modified_gmt":"2026-04-01T01:16:27","slug":"transition-et-planification-de-la-releve","status":"publish","type":"busadv","link":"https:\/\/www.richter.ca\/fr\/services-conseils-aux-entreprises\/transition-et-planification-de-la-releve\/","title":{"rendered":"Transition et planification de la rel\u00e8ve"},"content":{"rendered":"<div class=\"bl-wysiwyg animaenter wrapper\">\n    <h3>Prot\u00e9gez ce que vous avez b\u00e2ti. Planifiez la suite.<\/h3>\n<p>La succession d&rsquo;une entreprise est plus qu&rsquo;une simple transaction, c&rsquo;est un tournant d\u00e9cisif. Chez Richter, nous vous aidons \u00e0 g\u00e9rer cette transition de fa\u00e7on judicieuse. Que vous envisagiez de transf\u00e9rer votre entreprise \u00e0 la prochaine g\u00e9n\u00e9ration, de passer le flambeau \u00e0 une \u00e9quipe de direction de confiance, ou de proc\u00e9der \u00e0 une vente strat\u00e9gique, notre mod\u00e8le int\u00e9gr\u00e9 de <strong>Bureau Familial | d&rsquo;Affaires<\/strong> veille \u00e0 ce que vos valeurs, votre vision et votre patrimoine demeurent align\u00e9s.<\/p>\n<\/div>\n\n\n\n<div class=\"listing-wide animaenter\">\n    <div class=\"wrapper\">\n        <h2>Voici comment nous aidons les familles entrepreneuriales \u00e0 avancer avec clart\u00e9, coh\u00e9sion et d\u00e9termination:<\/h2>\n                    <div class=\"listing\">\n                                <div class=\"item match-height\">                                        <div class=\"content\">\n                        <h3>Quel est l\u2019\u00e9v\u00e9nement d\u00e9clencheur de votre planification de la rel\u00e8ve? <\/h3>\n                        <ul>\n<li>Vente \u00e0 un acheteur externe<\/li>\n<li>Transfert de l\u2019entreprise \u00e0 la famille<\/li>\n<li>Transmission \u00e0 l\u2019\u00e9quipe de direction<\/li>\n<\/ul>\n                                            <\/div>\n                <\/div>                                <div class=\"item match-height\">                                        <div class=\"content\">\n                        <h3>Quel est votre horizon de transition? <\/h3>\n                        <ul>\n<li>Court terme<\/li>\n<li>Moyen terme<\/li>\n<li>Long terme<\/li>\n<\/ul>\n                                            <\/div>\n                <\/div>                                <div class=\"item match-height\">                                        <div class=\"content\">\n                        <h3>Quel type de transaction envisagez-vous? <\/h3>\n                        <ul>\n<li>Vente partielle<\/li>\n<li>Vente majoritaire<\/li>\n<li>Maintien de la propri\u00e9t\u00e9<\/li>\n<\/ul>\n                                            <\/div>\n                <\/div>                                <div class=\"item match-height\">                                        <div class=\"content\">\n                        <h3>Qui sont les acheteurs potentiels? <\/h3>\n                        <ul>\n<li>Acheteurs strat\u00e9giques<\/li>\n<li>Acheteurs financiers<\/li>\n<li>Successeurs familiaux<\/li>\n<\/ul>\n                                            <\/div>\n                <\/div>                            <\/div>\n            <\/div>\n<\/div>\n\n<div class=\"bl-wysiwyg animaenter wrapper\">\n    <h2>Dans quelle mesure \u00eates-vous pr\u00eat pour la rel\u00e8ve?<\/h2>\n<p>Se pr\u00e9parer \u00e0 une rel\u00e8ve d\u2019entreprise ou \u00e0 la cession d\u2019une soci\u00e9t\u00e9 priv\u00e9e exige des d\u00e9cisions claires, une planification solide du leadership et des \u00e9tats financiers rigoureux. Utilisez cette liste de v\u00e9rification comme point de d\u00e9part pour \u00e9valuer votre niveau de pr\u00e9paration \u00e0 la rel\u00e8ve.<\/p>\n<\/div>\n\n<div class=\"title_centered animaenter wrapper\">\n    <h1><\/h1>\n            <div class=\"ctas\">\n                                <a class=\"arrow-d btn\" target=\"\" href=\"https:\/\/richterca.tor1.digitaloceanspaces.com\/wp-content\/uploads\/2026\/03\/liste_verification_planification_de_la-releve_2026-03-23.pdf\">Acc\u00e9dez \u00e0 la liste<\/a>                <\/div>\n    <\/div>\n\n<div class=\"bl-articles animaenter\">\n    <div class=\"wrapper\">    \n        <div class=\"tt-cta\">\n            <h2>L\u2019expertise \u00e0 port\u00e9e de main<\/h2>            <a class=\"arrow-l\" target=\"\" href=\"https:\/\/www.richter.ca\/fr\/nos-reflexions\/\">D\u00e9couvrez toutes nos r\u00e9flexions<\/a>        <\/div>\n        <div class=\"listing\">            <a href=\"https:\/\/www.richter.ca\/fr\/nos-reflexions\/planification-de-la-releve-de-votre-entreprise-familiale\/\" class=\"item\">\n                <div class=\"image\"><img decoding=\"async\" src=\"https:\/\/richterca.tor1.digitaloceanspaces.com\/wp-content\/uploads\/2025\/06\/web_article_image_option1_1080x1035px-600x600.jpg\" alt=\"\"><\/div>\n                <div class=\"ct\">\n                    <div class=\"sup-title\">Optimiser vos activit\u00e9s | Optimizing Your Business<\/div>\n                    <h3>Planification de la rel\u00e8ve de votre entreprise familiale: quatre piliers cl\u00e9s pour pr\u00e9server votre h\u00e9ritage entrepreneurial<\/h3>\n                    <p>\n\n\n\n\n\n<\/p>                <\/div>\n            <\/a>\n                    <a href=\"https:\/\/www.richter.ca\/fr\/nos-reflexions\/planification-strategique-tracer-la-voie-du-succes\/\" class=\"item\">\n                <div class=\"image\"><img decoding=\"async\" src=\"https:\/\/richterca.tor1.digitaloceanspaces.com\/wp-content\/uploads\/2023\/11\/web_article_thumbnail_strategy_planning_charting_your_path_option3_1080x1035px-600x600.jpg\" alt=\"woman signing a document \"><\/div>\n                <div class=\"ct\">\n                    <div class=\"sup-title\">Optimiser vos activit\u00e9s | Stade entrepreneurial<\/div>\n                    <h3>Planification strat\u00e9gique\u00a0: tracer la voie du succ\u00e8s<\/h3>\n                    <p>\n\n\n\n\n\n<\/p>                <\/div>\n            <\/a>\n                    <a href=\"https:\/\/www.richter.ca\/fr\/nos-reflexions\/serie-conseils-pour-les-familles-entrepreneuriales-quand-un-pdg-externe-prend-les-renes\/\" class=\"item\">\n                <div class=\"image\"><img decoding=\"async\" src=\"https:\/\/richterca.tor1.digitaloceanspaces.com\/wp-content\/uploads\/2025\/06\/web_article_thumbnail_strategy_planning_charting_your_path_option2_1080x1035px-600x600.jpg\" alt=\"meeting with 3 people\"><\/div>\n                <div class=\"ct\">\n                    <div class=\"sup-title\">Stade du transfert de patrimoine<\/div>\n                    <h3>S\u00e9rie-conseils pour les familles entrepreneuriales : Quand un PDG externe prend les r\u00eanes<\/h3>\n                    <p>\n\n\n\n\n\n\n\n\n\n<\/p>                <\/div>\n            <\/a>\n        <\/div>\n        \n        <div class=\"tt-cta-r\">\n                    <\/div>\n    <\/div>\n<\/div>\n\n\n<div id=\"webinaires\">\n<\/div>\n\n\n<div class=\"bl-wysiwyg animaenter wrapper\">\n    <h2 class=\"wp-block-heading wrapper\">LA PLANIFICATION DE LA REL\u00c8VE EN ACTION<\/h2>\n<p><!-- \/wp:heading --> <!-- wp:heading {\"level\":3,\"className\":\"wrapper\"} --><\/p>\n<h3 class=\"wp-block-heading wrapper\">Enjeux actuels : regard \u00e9clair sur la rel\u00e8ve<\/h3>\n<p>Visionnez notre carrousel de courtes vid\u00e9os portant sur les enjeux cl\u00e9s de la rel\u00e8ve \u2014 la propri\u00e9t\u00e9, le leadership, la gouvernance familiale, et plus encore.<\/p>\n<\/div>\n\n<div class=\"bl-video-carousel\">\n    <div class=\"video-carousel wrapper slickCarouselCustom\">\n                    <a tabindex=\"-1\" class=\"carousel-item\" data-fancybox data-type=\"iframe\" data-src=\"https:\/\/www.youtube-nocookie.com\/embed\/3kNQv-IXxig?autoplay=1&#038;rel=0&#038;modestbranding=1\" href=\"javascript:;\">\n                <div class=\"image\">\n                                        <img decoding=\"async\" src=\"https:\/\/richterca.tor1.digitaloceanspaces.com\/wp-content\/uploads\/2022\/03\/web_landing_page_thumbnail1_f_600x530px.png\" alt=\"\">\n                <\/div>\n            <\/a>\n                    <a tabindex=\"-1\" class=\"carousel-item\" data-fancybox data-type=\"iframe\" data-src=\"https:\/\/www.youtube-nocookie.com\/embed\/Anm1mzYEaHA?autoplay=1&#038;rel=0&#038;modestbranding=1\" href=\"javascript:;\">\n                <div class=\"image\">\n                                        <img decoding=\"async\" src=\"https:\/\/richterca.tor1.digitaloceanspaces.com\/wp-content\/uploads\/2022\/03\/web_landing_page_thumbnail2_f_600x530px.png\" alt=\"\">\n                <\/div>\n            <\/a>\n                    <a tabindex=\"-1\" class=\"carousel-item\" data-fancybox data-type=\"iframe\" data-src=\"\" href=\"javascript:;\">\n                <div class=\"image\">\n                                        <img decoding=\"async\" src=\"https:\/\/richterca.tor1.digitaloceanspaces.com\/wp-content\/uploads\/2022\/03\/web_landing_page_thumbnail3_f_600x530px.png\" alt=\"\">\n                <\/div>\n            <\/a>\n                    <a tabindex=\"-1\" class=\"carousel-item\" data-fancybox data-type=\"iframe\" data-src=\"https:\/\/www.youtube-nocookie.com\/embed\/JDPCcZB7cek?autoplay=1&#038;rel=0&#038;modestbranding=1\" href=\"javascript:;\">\n                <div class=\"image\">\n                                        <img decoding=\"async\" src=\"https:\/\/richterca.tor1.digitaloceanspaces.com\/wp-content\/uploads\/2022\/03\/web_landing_page_thumbnail4_f_600x530px.png\" alt=\"\">\n                <\/div>\n            <\/a>\n                    <a tabindex=\"-1\" class=\"carousel-item\" data-fancybox data-type=\"iframe\" data-src=\"https:\/\/www.youtube-nocookie.com\/embed\/fqxiyDs0370?autoplay=1&#038;rel=0&#038;modestbranding=1\" href=\"javascript:;\">\n                <div class=\"image\">\n                                        <img decoding=\"async\" src=\"https:\/\/richterca.tor1.digitaloceanspaces.com\/wp-content\/uploads\/2022\/03\/web_landing_page_thumbnail5_f_600x530px.png\" alt=\"\">\n                <\/div>\n            <\/a>\n                    <a tabindex=\"-1\" class=\"carousel-item\" data-fancybox data-type=\"iframe\" data-src=\"https:\/\/www.youtube-nocookie.com\/embed\/GjdVxtVekZk?autoplay=1&#038;rel=0&#038;modestbranding=1\" href=\"javascript:;\">\n                <div class=\"image\">\n                                        <img decoding=\"async\" src=\"https:\/\/richterca.tor1.digitaloceanspaces.com\/wp-content\/uploads\/2022\/03\/web_landing_page_thumbnail6_f_600x530px.png\" alt=\"\">\n                <\/div>\n            <\/a>\n                    <a tabindex=\"-1\" class=\"carousel-item\" data-fancybox data-type=\"iframe\" data-src=\"https:\/\/www.youtube-nocookie.com\/embed\/lViDE3xcI3M?autoplay=1&#038;rel=0&#038;modestbranding=1\" href=\"javascript:;\">\n                <div class=\"image\">\n                                        <img decoding=\"async\" src=\"https:\/\/richterca.tor1.digitaloceanspaces.com\/wp-content\/uploads\/2022\/03\/web_landing_page_thumbnail7_f_600x530px.png\" alt=\"\">\n                <\/div>\n            <\/a>\n            <\/div>\n<\/div>\n\n<div class=\"bl-wysiwyg animaenter wrapper\">\n    <h2>S\u00e9rie de webinaires sur la planification de la rel\u00e8ve<\/h2>\n<h3>Visionnement sur demande<\/h3>\n<ul>\n<li>Planification de la rel\u00e8ve d\u2019une entreprise familiale<\/li>\n<li>Planification de la rel\u00e8ve: garder ou vendre l\u2019entreprise familiale<\/li>\n<li>De la planification \u00e0 la transmission de patrimoine: une structure et les personnes ad\u00e9quates assurent une rel\u00e8ve r\u00e9ussie<\/li>\n<li>R\u00e9mun\u00e9ration des entreprises priv\u00e9es<\/li>\n<li>Pr\u00e9paration financi\u00e8re: mettre en place des structures qui assurent votre pr\u00e9paration \u00e0 la rel\u00e8ve<\/li>\n<\/ul>\n<iframe loading=\"lazy\" title=\"FR_2025_successionplanning_landingpage_gatedcontent\" class=\"pardotform\" src=\"https:\/\/www2.richter.ca\/l\/138301\/2025-08-08\/2s5n43\" width=\"100%\" height=\"500\" type=\"text\/html\" frameborder=\"0\" allowTransparency=\"true\" style=\"border: 0\"><\/iframe>\n<\/div>\n\n\n<h2 class=\"wp-block-heading has-text-align-center\">D\u00e9couvrez&nbsp;comment Richter&nbsp;peut&nbsp;vous&nbsp;accompagner?<\/h2>\n\n\n<div class=\"info-text-img-anima animaenter wrapper\">\n    <div class=\"content\">\n        <span class=\"sup-title\">Services<\/span>        <h2>NOTRE APPROCHE INT\u00c9GR\u00c9E<\/h2>\n<p>Chez Richter, nous savons que les entrepreneurs qui r\u00e9ussissent doivent pouvoir compter sur la collaboration et la pr\u00e9sence d\u2019une \u00e9quipe de conseillers exp\u00e9riment\u00e9s. Nous proposons des solutions personnalis\u00e9es \u00e0 nos clients et des conseils qui les aident \u00e0 prendre les meilleures d\u00e9cisions pour leurs entreprises, pour eux-m\u00eames et leur famille.<\/p>\n<p>Gr\u00e2ce \u00e0 notre mod\u00e8le unique \u00e0 deux plateformes nous proposons une approche int\u00e9gr\u00e9e pour aider nos clients \u00e0 r\u00e9ussir. Qu\u2019il s\u2019agisse des besoins de votre entreprise ou de vos besoins personnels, nous sommes bien plac\u00e9s pour r\u00e9pondre \u00e0 l\u2019ensemble de vos besoins. Nous vous aiderons \u00e0 tracer une voie claire pour atteindre vos objectifs \u00e0 long terme et fa\u00e7onner l\u2019h\u00e9ritage que vous souhaitez transmettre aux g\u00e9n\u00e9rations futures.<\/p>\n<p><a class=\"cta-arrow \" href=\"https:\/\/www.richter.ca\/fr\/bureau-familial-affaires\/\"><span>D\u00e9couvrez la diff\u00e9rence Richter<\/span><\/a><\/p>\n    <\/div>\n    <div class=\"image\">\n                    <img decoding=\"async\" class=\"fb-fr\" style=\"object-fit: contain;\" alt=\"Richter - Entreprise \/ Famille\" src=\"https:\/\/www.richter.ca\/wp-content\/themes\/richter\/dist\/img\/Richter_2025_Diagramme_FR.png\">\n            <\/div>\n<\/div>\n\n<div class=\"experts-carousel\">\n    <div class=\"wrapper\">\n        <span class=\"sup-title\">RENCONTREZ NOS EXPERTS<\/span>        <div class=\"tt-cta\">\n                        <a href=\"https:\/\/www.richter.ca\/fr\/nos-experts\/\" class=\"arrow-l\">Afficher tout<\/a>\n        <\/div>\n    <\/div>\n                <div class=\"experts wrapper slickCarouselCustom\">\n                    <a tabindex=\"-1\" class=\"carousel-item\" href=\"https:\/\/www.richter.ca\/our-experts\/michael-black\/\">\n                <div class=\"image\">\n                                        <img decoding=\"async\" src=\"https:\/\/richterca.tor1.digitaloceanspaces.com\/wp-content\/uploads\/2022\/03\/michael_black_site-web-740-x-640-px.webp\" alt=\"\">\n                    <div class=\"content\">\n                        <h3>Michael Black<\/h3>\n                        <div class=\"ql\">MBA<\/div>\n                    <\/div>\n                <\/div>\n            <\/a>\n                    <a tabindex=\"-1\" class=\"carousel-item\" href=\"https:\/\/www.richter.ca\/our-experts\/bill-mclean\/\">\n                <div class=\"image\">\n                                        <img decoding=\"async\" src=\"https:\/\/richterca.tor1.digitaloceanspaces.com\/wp-content\/uploads\/2022\/11\/bill_mclean_site-web-740-x-640.webp\" alt=\"\">\n                    <div class=\"content\">\n                        <h3>Bill McLean<\/h3>\n                        <div class=\"ql\">B.Comm, FEA, ACC\/CPCC<\/div>\n                    <\/div>\n                <\/div>\n            <\/a>\n                    <a tabindex=\"-1\" class=\"carousel-item\" href=\"https:\/\/www.richter.ca\/our-experts\/brett-miller\/\">\n                <div class=\"image\">\n                                        <img decoding=\"async\" src=\"https:\/\/richterca.tor1.digitaloceanspaces.com\/wp-content\/uploads\/2021\/03\/brett_miller_site-web-740-x-640-px.webp\" alt=\"\">\n                    <div class=\"content\">\n                        <h3>Brett Miller<\/h3>\n                        <div class=\"ql\">CPA, CA, CBV, MBA<\/div>\n                    <\/div>\n                <\/div>\n            <\/a>\n                    <a tabindex=\"-1\" class=\"carousel-item\" href=\"https:\/\/www.richter.ca\/our-experts\/sheriza-perabtani\/\">\n                <div class=\"image\">\n                                        <img decoding=\"async\" src=\"https:\/\/richterca.tor1.digitaloceanspaces.com\/wp-content\/uploads\/2025\/06\/sheriza_perabtani_site-web-740-x-640-px.webp\" alt=\"\">\n                    <div class=\"content\">\n                        <h3>Sheriza Perabtani<\/h3>\n                        <div class=\"ql\">CPA<\/div>\n                    <\/div>\n                <\/div>\n            <\/a>\n                    <a tabindex=\"-1\" class=\"carousel-item\" href=\"https:\/\/www.richter.ca\/our-experts\/alana-geller\/\">\n                <div class=\"image\">\n                                        <img decoding=\"async\" src=\"https:\/\/richterca.tor1.digitaloceanspaces.com\/wp-content\/uploads\/2018\/06\/alana_geller_site-web-740-x-640-px.webp\" alt=\"\">\n                    <div class=\"content\">\n                        <h3>Alana Geller<\/h3>\n                        <div class=\"ql\">CPA, CBV, CFF, FEA<\/div>\n                    <\/div>\n                <\/div>\n            <\/a>\n                    <a tabindex=\"-1\" class=\"carousel-item\" href=\"https:\/\/www.richter.ca\/fr\/nos-experts\/zachary-brzezinski\/\">\n                <div class=\"image\">\n                                        <img decoding=\"async\" src=\"https:\/\/richterca.tor1.digitaloceanspaces.com\/wp-content\/uploads\/2024\/03\/zack_brzezinski_site-web-740-x-640-px.webp\" alt=\"\">\n                    <div class=\"content\">\n                        <h3>Zachary Brzezinski<\/h3>\n                        <div class=\"ql\">CPA, CBV<\/div>\n                    <\/div>\n                <\/div>\n            <\/a>\n                    <a tabindex=\"-1\" class=\"carousel-item\" href=\"https:\/\/www.richter.ca\/fr\/nos-experts\/alon-wexler\/\">\n                <div class=\"image\">\n                                        <img decoding=\"async\" src=\"https:\/\/richterca.tor1.digitaloceanspaces.com\/wp-content\/uploads\/2018\/06\/wexler_alon_web_740x640px-740x640.jpg\" alt=\"\">\n                    <div class=\"content\">\n                        <h3>Alon Wexler<\/h3>\n                        <div class=\"ql\">CPA, EEE<\/div>\n                    <\/div>\n                <\/div>\n            <\/a>\n                    <a tabindex=\"-1\" class=\"carousel-item\" href=\"https:\/\/www.richter.ca\/fr\/nos-experts\/joe-lo-dico\/\">\n                <div class=\"image\">\n                                        <img decoding=\"async\" src=\"https:\/\/richterca.tor1.digitaloceanspaces.com\/wp-content\/uploads\/2018\/06\/jo_lo_dico_site-web-740-x-640-px.webp\" alt=\"\">\n                    <div class=\"content\">\n                        <h3>Joe Lo Dico<\/h3>\n                        <div class=\"ql\">CPA, CBV<\/div>\n                    <\/div>\n                <\/div>\n            <\/a>\n                    <a tabindex=\"-1\" class=\"carousel-item\" href=\"https:\/\/www.richter.ca\/fr\/nos-experts\/joe-triolo\/\">\n                <div class=\"image\">\n                                        <img decoding=\"async\" src=\"https:\/\/richterca.tor1.digitaloceanspaces.com\/wp-content\/uploads\/2024\/01\/joe_triolo_site-web-740-x-640-px.webp\" alt=\"\">\n                    <div class=\"content\">\n                        <h3>Joe Triolo<\/h3>\n                        <div class=\"ql\">CPA, CA<\/div>\n                    <\/div>\n                <\/div>\n            <\/a>\n                    <a tabindex=\"-1\" class=\"carousel-item\" href=\"https:\/\/www.richter.ca\/fr\/nos-experts\/matthew-fantauzzi\/\">\n                <div class=\"image\">\n                                        <img decoding=\"async\" src=\"https:\/\/richterca.tor1.digitaloceanspaces.com\/wp-content\/uploads\/2025\/01\/matthew_fantauzzi_site-web-740-x-640-px.webp\" alt=\"\">\n                    <div class=\"content\">\n                        <h3>Matthew Fantauzzi<\/h3>\n                        <div class=\"ql\">CPA, CA<\/div>\n                    <\/div>\n                <\/div>\n            <\/a>\n                <\/div>\n    <\/div>\n\n\n\n\n\n\n\n\n\n\n\n\n\n\n<p>&nbsp;<\/p>\n<p>&nbsp;<\/p>\n","protected":false},"excerpt":{"rendered":"<p>En tant que chef d\u2019entreprise, vous vous concentrez sur le moment pr\u00e9sent. Mais au-del\u00e0 du quotidien, il est aussi important d\u2019envisager la pr\u00e9paration d\u2019un testament et la planification de votre succession.<\/p>\n","protected":false},"featured_media":0,"template":"","busadv-category":[],"class_list":["post-18880","busadv","type-busadv","status-publish","hentry"],"acf":[],"yoast_head":"<!-- This site is optimized with the Yoast SEO plugin v26.9 - https:\/\/yoast.com\/product\/yoast-seo-wordpress\/ -->\n<title>Transition et planification de la rel\u00e8ve - Richter<\/title>\n<meta name=\"description\" content=\"Le changement le plus important pour une entreprise est le transfert du droit de propri\u00e9t\u00e9. Les conseillers de Richter peuvent aider \u00e0 \u00e9laborer un plan de transition ou de rel\u00e8ve r\u00e9ussi.\" \/>\n<meta name=\"robots\" content=\"index, follow, max-snippet:-1, max-image-preview:large, max-video-preview:-1\" \/>\n<meta property=\"og:locale\" content=\"fr_FR\" \/>\n<meta property=\"og:type\" content=\"article\" \/>\n<meta property=\"og:title\" content=\"Transition et planification de la rel\u00e8ve - Richter\" \/>\n<meta property=\"og:description\" content=\"Le changement le plus important pour une entreprise est le transfert du droit de propri\u00e9t\u00e9. Les conseillers de Richter peuvent aider \u00e0 \u00e9laborer un plan de transition ou de rel\u00e8ve r\u00e9ussi.\" \/>\n<meta property=\"og:url\" content=\"https:\/\/www.richter.ca\/fr\/services-conseils-aux-entreprises\/transition-et-planification-de-la-releve\/\" \/>\n<meta property=\"og:site_name\" content=\"Richter\" \/>\n<meta property=\"article:publisher\" content=\"https:\/\/www.facebook.com\/Richtercanada\/\" \/>\n<meta property=\"article:modified_time\" content=\"2026-04-01T01:16:27+00:00\" \/>\n<meta property=\"og:image\" content=\"https:\/\/richterca.tor1.digitaloceanspaces.com\/wp-content\/uploads\/2018\/08\/share-og.jpg\" \/>\n\t<meta property=\"og:image:width\" content=\"1920\" \/>\n\t<meta property=\"og:image:height\" content=\"1008\" \/>\n\t<meta property=\"og:image:type\" content=\"image\/jpeg\" \/>\n<meta name=\"twitter:card\" content=\"summary_large_image\" \/>\n<meta name=\"twitter:site\" content=\"@richtercanada\" \/>\n<script type=\"application\/ld+json\" class=\"yoast-schema-graph\">{\"@context\":\"https:\/\/schema.org\",\"@graph\":[{\"@type\":\"WebPage\",\"@id\":\"https:\/\/www.richter.ca\/fr\/services-conseils-aux-entreprises\/transition-et-planification-de-la-releve\/\",\"url\":\"https:\/\/www.richter.ca\/fr\/services-conseils-aux-entreprises\/transition-et-planification-de-la-releve\/\",\"name\":\"Transition et planification de la rel\u00e8ve - Richter\",\"isPartOf\":{\"@id\":\"https:\/\/www.www.richter.ca\/#website\"},\"datePublished\":\"2022-03-03T19:38:30+00:00\",\"dateModified\":\"2026-04-01T01:16:27+00:00\",\"description\":\"Le changement le plus important pour une entreprise est le transfert du droit de propri\u00e9t\u00e9. Les conseillers de Richter peuvent aider \u00e0 \u00e9laborer un plan de transition ou de rel\u00e8ve r\u00e9ussi.\",\"breadcrumb\":{\"@id\":\"https:\/\/www.richter.ca\/fr\/services-conseils-aux-entreprises\/transition-et-planification-de-la-releve\/#breadcrumb\"},\"inLanguage\":\"fr-FR\",\"potentialAction\":[{\"@type\":\"ReadAction\",\"target\":[\"https:\/\/www.richter.ca\/fr\/services-conseils-aux-entreprises\/transition-et-planification-de-la-releve\/\"]}]},{\"@type\":\"BreadcrumbList\",\"@id\":\"https:\/\/www.richter.ca\/fr\/services-conseils-aux-entreprises\/transition-et-planification-de-la-releve\/#breadcrumb\",\"itemListElement\":[{\"@type\":\"ListItem\",\"position\":1,\"name\":\"Richter\",\"item\":\"https:\/\/www.richter.ca\/fr\/accueil\/\"},{\"@type\":\"ListItem\",\"position\":2,\"name\":\"Transition et planification de la rel\u00e8ve\"}]},{\"@type\":\"WebSite\",\"@id\":\"https:\/\/www.www.richter.ca\/#website\",\"url\":\"https:\/\/www.www.richter.ca\/\",\"name\":\"Richter\",\"description\":\"Un site utilisant WordPress\",\"publisher\":{\"@id\":\"https:\/\/www.www.richter.ca\/#organization\"},\"potentialAction\":[{\"@type\":\"SearchAction\",\"target\":{\"@type\":\"EntryPoint\",\"urlTemplate\":\"https:\/\/www.www.richter.ca\/?s={search_term_string}\"},\"query-input\":{\"@type\":\"PropertyValueSpecification\",\"valueRequired\":true,\"valueName\":\"search_term_string\"}}],\"inLanguage\":\"fr-FR\"},{\"@type\":\"Organization\",\"@id\":\"https:\/\/www.www.richter.ca\/#organization\",\"name\":\"Richter\",\"url\":\"https:\/\/www.www.richter.ca\/\",\"logo\":{\"@type\":\"ImageObject\",\"inLanguage\":\"fr-FR\",\"@id\":\"https:\/\/www.www.richter.ca\/#\/schema\/logo\/image\/\",\"url\":\"https:\/\/www.richter.ca\/wp-content\/uploads\/2018\/08\/logo.png\",\"contentUrl\":\"https:\/\/www.richter.ca\/wp-content\/uploads\/2018\/08\/logo.png\",\"width\":128,\"height\":24,\"caption\":\"Richter\"},\"image\":{\"@id\":\"https:\/\/www.www.richter.ca\/#\/schema\/logo\/image\/\"},\"sameAs\":[\"https:\/\/www.facebook.com\/Richtercanada\/\",\"https:\/\/x.com\/richtercanada\",\"https:\/\/www.instagram.com\/richtercanada\",\"https:\/\/www.linkedin.com\/company\/richter\/?trk=hb_tab_compy_id_255303\"],\"address\":[{\"@type\":\"PostalAddress\",\"addressLocality\":\"Montreal, QC, Canada\",\"postalCode\":\"H3A 0G6\",\"streetAddress\":\"1981 McGill College, #1100 The Richter Tower\"},{\"@type\":\"PostalAddress\",\"addressLocality\":\"Toronto, ON, Canada\",\"postalCode\":\"M5J 2T3\",\"streetAddress\":\"181 Bay St. #3510 Bay Wellington Tower\"},{\"@type\":\"PostalAddress\",\"addressLocality\":\"Chicago, IL, United States\",\"postalCode\":\"60606\",\"streetAddress\":\"200 South Wacker, #3100\"}],\"contactPoint\":[{\"@type\":\"ContactPoint\",\"telephone\":\"+1-514-934-3400\",\"contactType\":\"Montreal office\"},{\"@type\":\"ContactPoint\",\"telephone\":\"+1-416-488-2345\",\"contactType\":\"Toronto office\"},{\"@type\":\"ContactPoint\",\"telephone\":\"+1-312-828-0800\",\"contactType\":\"Chicago office\"}]}]}<\/script>\n<!-- \/ Yoast SEO plugin. -->","yoast_head_json":{"title":"Transition et planification de la rel\u00e8ve - Richter","description":"Le changement le plus important pour une entreprise est le transfert du droit de propri\u00e9t\u00e9. Les conseillers de Richter peuvent aider \u00e0 \u00e9laborer un plan de transition ou de rel\u00e8ve r\u00e9ussi.","robots":{"index":"index","follow":"follow","max-snippet":"max-snippet:-1","max-image-preview":"max-image-preview:large","max-video-preview":"max-video-preview:-1"},"og_locale":"fr_FR","og_type":"article","og_title":"Transition et planification de la rel\u00e8ve - Richter","og_description":"Le changement le plus important pour une entreprise est le transfert du droit de propri\u00e9t\u00e9. Les conseillers de Richter peuvent aider \u00e0 \u00e9laborer un plan de transition ou de rel\u00e8ve r\u00e9ussi.","og_url":"https:\/\/www.richter.ca\/fr\/services-conseils-aux-entreprises\/transition-et-planification-de-la-releve\/","og_site_name":"Richter","article_publisher":"https:\/\/www.facebook.com\/Richtercanada\/","article_modified_time":"2026-04-01T01:16:27+00:00","og_image":[{"width":1920,"height":1008,"url":"https:\/\/richterca.tor1.digitaloceanspaces.com\/wp-content\/uploads\/2018\/08\/share-og.jpg","type":"image\/jpeg"}],"twitter_card":"summary_large_image","twitter_site":"@richtercanada","schema":{"@context":"https:\/\/schema.org","@graph":[{"@type":"WebPage","@id":"https:\/\/www.richter.ca\/fr\/services-conseils-aux-entreprises\/transition-et-planification-de-la-releve\/","url":"https:\/\/www.richter.ca\/fr\/services-conseils-aux-entreprises\/transition-et-planification-de-la-releve\/","name":"Transition et planification de la rel\u00e8ve - Richter","isPartOf":{"@id":"https:\/\/www.www.richter.ca\/#website"},"datePublished":"2022-03-03T19:38:30+00:00","dateModified":"2026-04-01T01:16:27+00:00","description":"Le changement le plus important pour une entreprise est le transfert du droit de propri\u00e9t\u00e9. Les conseillers de Richter peuvent aider \u00e0 \u00e9laborer un plan de transition ou de rel\u00e8ve r\u00e9ussi.","breadcrumb":{"@id":"https:\/\/www.richter.ca\/fr\/services-conseils-aux-entreprises\/transition-et-planification-de-la-releve\/#breadcrumb"},"inLanguage":"fr-FR","potentialAction":[{"@type":"ReadAction","target":["https:\/\/www.richter.ca\/fr\/services-conseils-aux-entreprises\/transition-et-planification-de-la-releve\/"]}]},{"@type":"BreadcrumbList","@id":"https:\/\/www.richter.ca\/fr\/services-conseils-aux-entreprises\/transition-et-planification-de-la-releve\/#breadcrumb","itemListElement":[{"@type":"ListItem","position":1,"name":"Richter","item":"https:\/\/www.richter.ca\/fr\/accueil\/"},{"@type":"ListItem","position":2,"name":"Transition et planification de la rel\u00e8ve"}]},{"@type":"WebSite","@id":"https:\/\/www.www.richter.ca\/#website","url":"https:\/\/www.www.richter.ca\/","name":"Richter","description":"Un site utilisant WordPress","publisher":{"@id":"https:\/\/www.www.richter.ca\/#organization"},"potentialAction":[{"@type":"SearchAction","target":{"@type":"EntryPoint","urlTemplate":"https:\/\/www.www.richter.ca\/?s={search_term_string}"},"query-input":{"@type":"PropertyValueSpecification","valueRequired":true,"valueName":"search_term_string"}}],"inLanguage":"fr-FR"},{"@type":"Organization","@id":"https:\/\/www.www.richter.ca\/#organization","name":"Richter","url":"https:\/\/www.www.richter.ca\/","logo":{"@type":"ImageObject","inLanguage":"fr-FR","@id":"https:\/\/www.www.richter.ca\/#\/schema\/logo\/image\/","url":"https:\/\/www.richter.ca\/wp-content\/uploads\/2018\/08\/logo.png","contentUrl":"https:\/\/www.richter.ca\/wp-content\/uploads\/2018\/08\/logo.png","width":128,"height":24,"caption":"Richter"},"image":{"@id":"https:\/\/www.www.richter.ca\/#\/schema\/logo\/image\/"},"sameAs":["https:\/\/www.facebook.com\/Richtercanada\/","https:\/\/x.com\/richtercanada","https:\/\/www.instagram.com\/richtercanada","https:\/\/www.linkedin.com\/company\/richter\/?trk=hb_tab_compy_id_255303"],"address":[{"@type":"PostalAddress","addressLocality":"Montreal, QC, Canada","postalCode":"H3A 0G6","streetAddress":"1981 McGill College, #1100 The Richter Tower"},{"@type":"PostalAddress","addressLocality":"Toronto, ON, Canada","postalCode":"M5J 2T3","streetAddress":"181 Bay St. #3510 Bay Wellington Tower"},{"@type":"PostalAddress","addressLocality":"Chicago, IL, United States","postalCode":"60606","streetAddress":"200 South Wacker, #3100"}],"contactPoint":[{"@type":"ContactPoint","telephone":"+1-514-934-3400","contactType":"Montreal office"},{"@type":"ContactPoint","telephone":"+1-416-488-2345","contactType":"Toronto office"},{"@type":"ContactPoint","telephone":"+1-312-828-0800","contactType":"Chicago office"}]}]}},"_links":{"self":[{"href":"https:\/\/www.richter.ca\/fr\/wp-json\/wp\/v2\/busadv\/18880","targetHints":{"allow":["GET"]}}],"collection":[{"href":"https:\/\/www.richter.ca\/fr\/wp-json\/wp\/v2\/busadv"}],"about":[{"href":"https:\/\/www.richter.ca\/fr\/wp-json\/wp\/v2\/types\/busadv"}],"wp:attachment":[{"href":"https:\/\/www.richter.ca\/fr\/wp-json\/wp\/v2\/media?parent=18880"}],"wp:term":[{"taxonomy":"busadv-category","embeddable":true,"href":"https:\/\/www.richter.ca\/fr\/wp-json\/wp\/v2\/busadv-category?post=18880"}],"curies":[{"name":"wp","href":"https:\/\/api.w.org\/{rel}","templated":true}]}}