{"id":1432,"date":"2018-06-05T18:41:08","date_gmt":"2018-06-05T16:41:08","guid":{"rendered":"https:\/\/www.richter.ca\/experts\/marc-yedid\/"},"modified":"2025-05-28T16:15:31","modified_gmt":"2025-05-28T14:15:31","slug":"marc-yedid","status":"publish","type":"experts","link":"https:\/\/www.richter.ca\/fr\/nos-experts\/marc-yedid\/","title":{"rendered":"Marc Yedid"},"content":{"rendered":"\n<p><\/p>\n\n\n<div class=\"bl-expertise animaenter wrapper\">\n        <span class=\"sup-title\">Services<\/span>    <h2 class=\"\">L&rsquo;expertise de Marc<\/h2>                <div class=\"listing\">\n                            <a href=\"https:\/\/www.richter.ca\/fr\/services-conseils-aux-entreprises\/services-conseils-transactionnels\/\" class=\"item\">\n                    <h3>Services-conseils transactionnels<\/h3>\n                    <p>Les consid\u00e9rations li\u00e9es aux transactions comme l\u2019acquisition, la vente, l\u2019expansion ou la restructuration d\u2019une entreprise sont primordiales; et souvent, d\u2019autres questions surgissent apr\u00e8s la d\u00e9cision initiale.<\/p>\n                <\/a>\n                            <a href=\"https:\/\/www.richter.ca\/fr\/services-conseils-aux-entreprises\/evaluation-dentreprise\/\" class=\"item\">\n                    <h3>\u00c9valuation d&rsquo;entreprise<\/h3>\n                    <p>Combien vaut votre entreprise? \u00c0 quel prix pourrait-elle se vendre? Quel pourcentage de parts devriez-vous c\u00e9der pour rallier de nouveaux investisseurs? L&rsquo;achat en vaut-il le prix?<\/p>\n                <\/a>\n                            <a href=\"https:\/\/www.richter.ca\/fr\/services-conseils-aux-entreprises\/transition-et-planification-de-la-releve\/\" class=\"item\">\n                    <h3>Transition et planification de la rel\u00e8ve<\/h3>\n                    <p>En tant que chef d\u2019entreprise, vous vous concentrez sur le moment pr\u00e9sent. Mais au-del\u00e0 du quotidien, il est aussi important d\u2019envisager la pr\u00e9paration d\u2019un testament et la planification de votre succession.<\/p>\n                <\/a>\n                    <\/div>        \n    <\/div>","protected":false},"excerpt":{"rendered":"<p>Marc est un professionnel \u00e0 l\u2019esprit vif. Tr\u00e8s appr\u00e9ci\u00e9 de ses clients, il est souvent sollicit\u00e9 pour son expertise approfondie, sa grande perspicacit\u00e9 et son excellente capacit\u00e9 d\u2019analyse. <\/p>\n","protected":false},"featured_media":30234,"template":"","class_list":["post-1432","experts","type-experts","status-publish","has-post-thumbnail","hentry"],"acf":[],"yoast_head":"<!-- This site is optimized with the Yoast SEO plugin v26.9 - https:\/\/yoast.com\/product\/yoast-seo-wordpress\/ -->\n<title>Marc Yedid - Richter<\/title>\n<meta name=\"description\" content=\"Marc est un professionnel \u00e0 l\u2019esprit vif. Tr\u00e8s appr\u00e9ci\u00e9 de ses clients, il est souvent sollicit\u00e9 pour son expertise approfondie, sa grande perspicacit\u00e9 et son excellente capacit\u00e9 d\u2019analyse. Marc est un professionnel \u00e0 l\u2019esprit vif. Tr\u00e8s appr\u00e9ci\u00e9 de ses clients, il est souvent sollicit\u00e9 pour son expertise approfondie, sa grande perspicacit\u00e9 et son excellente capacit\u00e9 d\u2019analyse.\" \/>\n<meta name=\"robots\" content=\"index, follow, max-snippet:-1, max-image-preview:large, max-video-preview:-1\" \/>\n<meta property=\"og:locale\" content=\"fr_FR\" \/>\n<meta property=\"og:type\" content=\"article\" \/>\n<meta property=\"og:title\" content=\"Marc Yedid - Richter\" \/>\n<meta property=\"og:description\" content=\"Marc est un professionnel \u00e0 l\u2019esprit vif. Tr\u00e8s appr\u00e9ci\u00e9 de ses clients, il est souvent sollicit\u00e9 pour son expertise approfondie, sa grande perspicacit\u00e9 et son excellente capacit\u00e9 d\u2019analyse. Marc est un professionnel \u00e0 l\u2019esprit vif. Tr\u00e8s appr\u00e9ci\u00e9 de ses clients, il est souvent sollicit\u00e9 pour son expertise approfondie, sa grande perspicacit\u00e9 et son excellente capacit\u00e9 d\u2019analyse.\" \/>\n<meta property=\"og:url\" content=\"https:\/\/www.www.richter.ca\/fr\/nos-experts\/marc-yedid\/\" \/>\n<meta property=\"og:site_name\" content=\"Richter\" \/>\n<meta property=\"article:publisher\" content=\"https:\/\/www.facebook.com\/Richtercanada\/\" \/>\n<meta property=\"article:modified_time\" content=\"2025-05-28T14:15:31+00:00\" \/>\n<meta property=\"og:image\" content=\"https:\/\/www.www.richter.ca\/wp-content\/uploads\/2025\/02\/yedid_marc_carre1.jpg\" \/>\n\t<meta property=\"og:image:width\" content=\"702\" \/>\n\t<meta property=\"og:image:height\" content=\"607\" \/>\n\t<meta property=\"og:image:type\" content=\"image\/jpeg\" \/>\n<meta name=\"twitter:card\" content=\"summary_large_image\" \/>\n<meta name=\"twitter:site\" content=\"@richtercanada\" \/>\n<script type=\"application\/ld+json\" class=\"yoast-schema-graph\">{\"@context\":\"https:\/\/schema.org\",\"@graph\":[{\"@type\":\"WebPage\",\"@id\":\"https:\/\/www.www.richter.ca\/fr\/nos-experts\/marc-yedid\/\",\"url\":\"https:\/\/www.www.richter.ca\/fr\/nos-experts\/marc-yedid\/\",\"name\":\"Marc Yedid - Richter\",\"isPartOf\":{\"@id\":\"https:\/\/www.www.richter.ca\/#website\"},\"primaryImageOfPage\":{\"@id\":\"https:\/\/www.www.richter.ca\/fr\/nos-experts\/marc-yedid\/#primaryimage\"},\"image\":{\"@id\":\"https:\/\/www.www.richter.ca\/fr\/nos-experts\/marc-yedid\/#primaryimage\"},\"thumbnailUrl\":\"https:\/\/richterca.tor1.digitaloceanspaces.com\/wp-content\/uploads\/2018\/06\/marc_yedid_site-web-740-x-640-px.webp\",\"datePublished\":\"2018-06-05T16:41:08+00:00\",\"dateModified\":\"2025-05-28T14:15:31+00:00\",\"description\":\"Marc est un professionnel \u00e0 l\u2019esprit vif. Tr\u00e8s appr\u00e9ci\u00e9 de ses clients, il est souvent sollicit\u00e9 pour son expertise approfondie, sa grande perspicacit\u00e9 et son excellente capacit\u00e9 d\u2019analyse. Marc est un professionnel \u00e0 l\u2019esprit vif. Tr\u00e8s appr\u00e9ci\u00e9 de ses clients, il est souvent sollicit\u00e9 pour son expertise approfondie, sa grande perspicacit\u00e9 et son excellente capacit\u00e9 d\u2019analyse.\",\"breadcrumb\":{\"@id\":\"https:\/\/www.www.richter.ca\/fr\/nos-experts\/marc-yedid\/#breadcrumb\"},\"inLanguage\":\"fr-FR\",\"potentialAction\":[{\"@type\":\"ReadAction\",\"target\":[\"https:\/\/www.www.richter.ca\/fr\/nos-experts\/marc-yedid\/\"]}]},{\"@type\":\"ImageObject\",\"inLanguage\":\"fr-FR\",\"@id\":\"https:\/\/www.www.richter.ca\/fr\/nos-experts\/marc-yedid\/#primaryimage\",\"url\":\"https:\/\/richterca.tor1.digitaloceanspaces.com\/wp-content\/uploads\/2018\/06\/marc_yedid_site-web-740-x-640-px.webp\",\"contentUrl\":\"https:\/\/richterca.tor1.digitaloceanspaces.com\/wp-content\/uploads\/2018\/06\/marc_yedid_site-web-740-x-640-px.webp\",\"width\":740,\"height\":640},{\"@type\":\"BreadcrumbList\",\"@id\":\"https:\/\/www.www.richter.ca\/fr\/nos-experts\/marc-yedid\/#breadcrumb\",\"itemListElement\":[{\"@type\":\"ListItem\",\"position\":1,\"name\":\"Richter\",\"item\":\"https:\/\/www.richter.ca\/fr\/accueil\/\"},{\"@type\":\"ListItem\",\"position\":2,\"name\":\"Marc Yedid\"}]},{\"@type\":\"WebSite\",\"@id\":\"https:\/\/www.www.richter.ca\/#website\",\"url\":\"https:\/\/www.www.richter.ca\/\",\"name\":\"Richter\",\"description\":\"Un site utilisant WordPress\",\"publisher\":{\"@id\":\"https:\/\/www.www.richter.ca\/#organization\"},\"potentialAction\":[{\"@type\":\"SearchAction\",\"target\":{\"@type\":\"EntryPoint\",\"urlTemplate\":\"https:\/\/www.www.richter.ca\/?s={search_term_string}\"},\"query-input\":{\"@type\":\"PropertyValueSpecification\",\"valueRequired\":true,\"valueName\":\"search_term_string\"}}],\"inLanguage\":\"fr-FR\"},{\"@type\":\"Organization\",\"@id\":\"https:\/\/www.www.richter.ca\/#organization\",\"name\":\"Richter\",\"url\":\"https:\/\/www.www.richter.ca\/\",\"logo\":{\"@type\":\"ImageObject\",\"inLanguage\":\"fr-FR\",\"@id\":\"https:\/\/www.www.richter.ca\/#\/schema\/logo\/image\/\",\"url\":\"https:\/\/www.richter.ca\/wp-content\/uploads\/2018\/08\/logo.png\",\"contentUrl\":\"https:\/\/www.richter.ca\/wp-content\/uploads\/2018\/08\/logo.png\",\"width\":128,\"height\":24,\"caption\":\"Richter\"},\"image\":{\"@id\":\"https:\/\/www.www.richter.ca\/#\/schema\/logo\/image\/\"},\"sameAs\":[\"https:\/\/www.facebook.com\/Richtercanada\/\",\"https:\/\/x.com\/richtercanada\",\"https:\/\/www.instagram.com\/richtercanada\",\"https:\/\/www.linkedin.com\/company\/richter\/?trk=hb_tab_compy_id_255303\"],\"address\":[{\"@type\":\"PostalAddress\",\"addressLocality\":\"Montreal, QC, Canada\",\"postalCode\":\"H3A 0G6\",\"streetAddress\":\"1981 McGill College, #1100 The Richter Tower\"},{\"@type\":\"PostalAddress\",\"addressLocality\":\"Toronto, ON, Canada\",\"postalCode\":\"M5J 2T3\",\"streetAddress\":\"181 Bay St. #3510 Bay Wellington Tower\"},{\"@type\":\"PostalAddress\",\"addressLocality\":\"Chicago, IL, United States\",\"postalCode\":\"60606\",\"streetAddress\":\"200 South Wacker, #3100\"}],\"contactPoint\":[{\"@type\":\"ContactPoint\",\"telephone\":\"+1-514-934-3400\",\"contactType\":\"Montreal office\"},{\"@type\":\"ContactPoint\",\"telephone\":\"+1-416-488-2345\",\"contactType\":\"Toronto office\"},{\"@type\":\"ContactPoint\",\"telephone\":\"+1-312-828-0800\",\"contactType\":\"Chicago office\"}]}]}<\/script>\n<!-- \/ Yoast SEO plugin. -->","yoast_head_json":{"title":"Marc Yedid - Richter","description":"Marc est un professionnel \u00e0 l\u2019esprit vif. Tr\u00e8s appr\u00e9ci\u00e9 de ses clients, il est souvent sollicit\u00e9 pour son expertise approfondie, sa grande perspicacit\u00e9 et son excellente capacit\u00e9 d\u2019analyse. Marc est un professionnel \u00e0 l\u2019esprit vif. Tr\u00e8s appr\u00e9ci\u00e9 de ses clients, il est souvent sollicit\u00e9 pour son expertise approfondie, sa grande perspicacit\u00e9 et son excellente capacit\u00e9 d\u2019analyse.","robots":{"index":"index","follow":"follow","max-snippet":"max-snippet:-1","max-image-preview":"max-image-preview:large","max-video-preview":"max-video-preview:-1"},"og_locale":"fr_FR","og_type":"article","og_title":"Marc Yedid - Richter","og_description":"Marc est un professionnel \u00e0 l\u2019esprit vif. Tr\u00e8s appr\u00e9ci\u00e9 de ses clients, il est souvent sollicit\u00e9 pour son expertise approfondie, sa grande perspicacit\u00e9 et son excellente capacit\u00e9 d\u2019analyse. Marc est un professionnel \u00e0 l\u2019esprit vif. Tr\u00e8s appr\u00e9ci\u00e9 de ses clients, il est souvent sollicit\u00e9 pour son expertise approfondie, sa grande perspicacit\u00e9 et son excellente capacit\u00e9 d\u2019analyse.","og_url":"https:\/\/www.www.richter.ca\/fr\/nos-experts\/marc-yedid\/","og_site_name":"Richter","article_publisher":"https:\/\/www.facebook.com\/Richtercanada\/","article_modified_time":"2025-05-28T14:15:31+00:00","og_image":[{"width":702,"height":607,"url":"https:\/\/www.www.richter.ca\/wp-content\/uploads\/2025\/02\/yedid_marc_carre1.jpg","type":"image\/jpeg"}],"twitter_card":"summary_large_image","twitter_site":"@richtercanada","schema":{"@context":"https:\/\/schema.org","@graph":[{"@type":"WebPage","@id":"https:\/\/www.www.richter.ca\/fr\/nos-experts\/marc-yedid\/","url":"https:\/\/www.www.richter.ca\/fr\/nos-experts\/marc-yedid\/","name":"Marc Yedid - Richter","isPartOf":{"@id":"https:\/\/www.www.richter.ca\/#website"},"primaryImageOfPage":{"@id":"https:\/\/www.www.richter.ca\/fr\/nos-experts\/marc-yedid\/#primaryimage"},"image":{"@id":"https:\/\/www.www.richter.ca\/fr\/nos-experts\/marc-yedid\/#primaryimage"},"thumbnailUrl":"https:\/\/richterca.tor1.digitaloceanspaces.com\/wp-content\/uploads\/2018\/06\/marc_yedid_site-web-740-x-640-px.webp","datePublished":"2018-06-05T16:41:08+00:00","dateModified":"2025-05-28T14:15:31+00:00","description":"Marc est un professionnel \u00e0 l\u2019esprit vif. Tr\u00e8s appr\u00e9ci\u00e9 de ses clients, il est souvent sollicit\u00e9 pour son expertise approfondie, sa grande perspicacit\u00e9 et son excellente capacit\u00e9 d\u2019analyse. Marc est un professionnel \u00e0 l\u2019esprit vif. Tr\u00e8s appr\u00e9ci\u00e9 de ses clients, il est souvent sollicit\u00e9 pour son expertise approfondie, sa grande perspicacit\u00e9 et son excellente capacit\u00e9 d\u2019analyse.","breadcrumb":{"@id":"https:\/\/www.www.richter.ca\/fr\/nos-experts\/marc-yedid\/#breadcrumb"},"inLanguage":"fr-FR","potentialAction":[{"@type":"ReadAction","target":["https:\/\/www.www.richter.ca\/fr\/nos-experts\/marc-yedid\/"]}]},{"@type":"ImageObject","inLanguage":"fr-FR","@id":"https:\/\/www.www.richter.ca\/fr\/nos-experts\/marc-yedid\/#primaryimage","url":"https:\/\/richterca.tor1.digitaloceanspaces.com\/wp-content\/uploads\/2018\/06\/marc_yedid_site-web-740-x-640-px.webp","contentUrl":"https:\/\/richterca.tor1.digitaloceanspaces.com\/wp-content\/uploads\/2018\/06\/marc_yedid_site-web-740-x-640-px.webp","width":740,"height":640},{"@type":"BreadcrumbList","@id":"https:\/\/www.www.richter.ca\/fr\/nos-experts\/marc-yedid\/#breadcrumb","itemListElement":[{"@type":"ListItem","position":1,"name":"Richter","item":"https:\/\/www.richter.ca\/fr\/accueil\/"},{"@type":"ListItem","position":2,"name":"Marc Yedid"}]},{"@type":"WebSite","@id":"https:\/\/www.www.richter.ca\/#website","url":"https:\/\/www.www.richter.ca\/","name":"Richter","description":"Un site utilisant WordPress","publisher":{"@id":"https:\/\/www.www.richter.ca\/#organization"},"potentialAction":[{"@type":"SearchAction","target":{"@type":"EntryPoint","urlTemplate":"https:\/\/www.www.richter.ca\/?s={search_term_string}"},"query-input":{"@type":"PropertyValueSpecification","valueRequired":true,"valueName":"search_term_string"}}],"inLanguage":"fr-FR"},{"@type":"Organization","@id":"https:\/\/www.www.richter.ca\/#organization","name":"Richter","url":"https:\/\/www.www.richter.ca\/","logo":{"@type":"ImageObject","inLanguage":"fr-FR","@id":"https:\/\/www.www.richter.ca\/#\/schema\/logo\/image\/","url":"https:\/\/www.richter.ca\/wp-content\/uploads\/2018\/08\/logo.png","contentUrl":"https:\/\/www.richter.ca\/wp-content\/uploads\/2018\/08\/logo.png","width":128,"height":24,"caption":"Richter"},"image":{"@id":"https:\/\/www.www.richter.ca\/#\/schema\/logo\/image\/"},"sameAs":["https:\/\/www.facebook.com\/Richtercanada\/","https:\/\/x.com\/richtercanada","https:\/\/www.instagram.com\/richtercanada","https:\/\/www.linkedin.com\/company\/richter\/?trk=hb_tab_compy_id_255303"],"address":[{"@type":"PostalAddress","addressLocality":"Montreal, QC, Canada","postalCode":"H3A 0G6","streetAddress":"1981 McGill College, #1100 The Richter Tower"},{"@type":"PostalAddress","addressLocality":"Toronto, ON, Canada","postalCode":"M5J 2T3","streetAddress":"181 Bay St. #3510 Bay Wellington Tower"},{"@type":"PostalAddress","addressLocality":"Chicago, IL, United States","postalCode":"60606","streetAddress":"200 South Wacker, #3100"}],"contactPoint":[{"@type":"ContactPoint","telephone":"+1-514-934-3400","contactType":"Montreal office"},{"@type":"ContactPoint","telephone":"+1-416-488-2345","contactType":"Toronto office"},{"@type":"ContactPoint","telephone":"+1-312-828-0800","contactType":"Chicago office"}]}]}},"_links":{"self":[{"href":"https:\/\/www.richter.ca\/fr\/wp-json\/wp\/v2\/experts\/1432","targetHints":{"allow":["GET"]}}],"collection":[{"href":"https:\/\/www.richter.ca\/fr\/wp-json\/wp\/v2\/experts"}],"about":[{"href":"https:\/\/www.richter.ca\/fr\/wp-json\/wp\/v2\/types\/experts"}],"wp:featuredmedia":[{"embeddable":true,"href":"https:\/\/www.richter.ca\/fr\/wp-json\/wp\/v2\/media\/30234"}],"wp:attachment":[{"href":"https:\/\/www.richter.ca\/fr\/wp-json\/wp\/v2\/media?parent=1432"}],"curies":[{"name":"wp","href":"https:\/\/api.w.org\/{rel}","templated":true}]}}