{"id":25120,"date":"2024-05-21T16:45:03","date_gmt":"2024-05-21T14:45:03","guid":{"rendered":"https:\/\/www.richter.ca\/?post_type=insights&#038;p=25120"},"modified":"2024-05-21T16:50:24","modified_gmt":"2024-05-21T14:50:24","slug":"le-retour-de-la-rivalite-entre-grandes-puissances-et-ses-consequences","status":"publish","type":"insights","link":"https:\/\/www.richter.ca\/fr\/nos-reflexions\/le-retour-de-la-rivalite-entre-grandes-puissances-et-ses-consequences\/","title":{"rendered":"Le retour de la rivalit\u00e9 entre grandes puissances et ses cons\u00e9quences"},"content":{"rendered":"\n\n<div class=\"bl-wysiwyg animaenter wrapper\">\n    <p>Le monde est t\u00e9moin de nombreux conflits militaires simultan\u00e9s. Au-del\u00e0 des pertes humaines d\u00e9j\u00e0 tragiques, il existe une r\u00e9elle possibilit\u00e9 d\u2019expansion r\u00e9gionale de ces guerres. Outre les conflits arm\u00e9s, il existe d\u2019importantes tensions entre des pays comme les \u00c9tats-Unis et la Chine, et au sein de nations (p.\u00a0ex., le foss\u00e9 entre r\u00e9publicains et d\u00e9mocrates aux \u00c9tats-Unis). Comment les guerres actuelles sont-elles susceptibles d\u2019\u00e9voluer? Qu\u2019est-ce qui changerait \u00e0 l\u2019\u00e9chelle nationale et internationale si Trump revenait \u00e0 la Maison-Blanche? Comment les investisseurs devraient-ils envisager ces questions cl\u00e9s du point de vue de leur portefeuille?<\/p>\n<p>En avril dernier, Richter a tenu une discussion int\u00e9ressante entre <a href=\"https:\/\/www.bcaresearch.com\/about-us\/our-strategists\/matt-gertken\" target=\"_blank\" rel=\"noopener\">Matt\u00a0Gertken<\/a>, Ph.\u00a0D., strat\u00e8ge en chef, strat\u00e9gie g\u00e9opolitique et strat\u00e9gie politique am\u00e9ricaine \u00e0 <a href=\"https:\/\/www.bcaresearch.com\/\" target=\"_blank\" rel=\"noopener\">BCA\u00a0Research<\/a>, et <a href=\"https:\/\/www.theglobeandmail.com\/authors\/tony-keller\/\" target=\"_blank\" rel=\"noopener\">Tony\u00a0Keller<\/a>, chroniqueur au <em>Globe and Mail,<\/em> au sujet du retour de la rivalit\u00e9 entre grandes puissances et ses r\u00e9percussions. Voici quelques faits saillants de leur conversation.<\/p>\n<p>La discussion sur la rivalit\u00e9 entre grandes puissances a mis en \u00e9vidence un retour des strat\u00e9gies g\u00e9opolitiques gouvernementales qui marque un changement important par rapport aux tendances \u00e0 la mondialisation de la fin du XX<sup>e<\/sup>\u00a0si\u00e8cle. Dr\u00a0Gertken a laiss\u00e9 entendre que la rivalit\u00e9 entre grandes puissances a toujours \u00e9t\u00e9 la norme, surtout depuis le Trait\u00e9 de Westphalie en 1648, qui a solidifi\u00e9 le concept des \u00c9tats-nations. Cette rivalit\u00e9 a refait surface malgr\u00e9 un hiatus apr\u00e8s la dissolution de l\u2019Union sovi\u00e9tique en 1991, lorsque le moment unipolaire des \u00c9tats-Unis semblait incontest\u00e9. L\u2019\u00e8re de la mondialisation sans douleur s\u2019est termin\u00e9e avec la Grande R\u00e9cession, lorsque les grandes puissances se sont recentr\u00e9es sur la demande int\u00e9rieure et ont commenc\u00e9 \u00e0 accorder la priorit\u00e9 \u00e0 la s\u00e9curit\u00e9 nationale et \u00e0 la souverainet\u00e9 par rapport \u00e0 la mondialisation \u00e9conomique.<\/p>\n<p>Ce changement a \u00e9t\u00e9 acc\u00e9l\u00e9r\u00e9 par la m\u00e9fiance strat\u00e9gique et des dilemmes en mati\u00e8re de s\u00e9curit\u00e9, illustr\u00e9s principalement par les tensions constantes entre les \u00c9tats-Unis et la Russie au sujet de l\u2019expansion de l\u2019OTAN, et les \u00c9tats-Unis et la Chine au sujet de la technologie et de Ta\u00efwan. Le conflit entre Isra\u00ebl et l\u2019Iran r\u00e9sume davantage la renaissance de la g\u00e9opolitique traditionnelle, o\u00f9 la puissance militaire et l\u2019influence strat\u00e9gique sont essentielles.<\/p>\n<h2><span style=\"font-size: 24px\">Hypomondialisation\u00a0: une nouvelle r\u00e9alit\u00e9 \u00e9conomique<\/span><\/h2>\n<p>Le terme \u00ab\u00a0hypomondialisation\u00a0\u00bb, tel qu\u2019il a \u00e9t\u00e9 cr\u00e9\u00e9 par Dr\u00a0Gertken, fait r\u00e9f\u00e9rence au contexte \u00e9conomique mondial actuel caract\u00e9ris\u00e9 par une int\u00e9gration \u00e9conomique r\u00e9duite et un nationalisme accru. Cette phase est distincte de l\u2019\u00e8re pr\u00e9c\u00e9dente de l\u2019\u00ab\u00a0hypermondialisation\u00a0\u00bb ainsi que du sc\u00e9nario du pire d\u2019une d\u00e9mondialisation \u00e0 grande \u00e9chelle. Elle laisse entrevoir un ralentissement de la mondialisation et une transformation de l\u2019ordre \u00e9conomique mondial. L\u2019augmentation des obstacles au commerce, le r\u00e9examen des cha\u00eenes d\u2019approvisionnement et la r\u00e9duction des investissements \u00e9trangers directs sont des indicateurs de cette tendance.<\/p>\n<p>L\u2019hypomondialisation est le reflet d\u2019un monde o\u00f9 les \u00c9tats mettent de plus en plus l\u2019accent sur les industries et la technologie nationales pour assurer leur s\u00e9curit\u00e9 \u00e9conomique et la stabilit\u00e9 sociale, mais au d\u00e9triment de la comp\u00e9titivit\u00e9. La guerre commerciale entre les \u00c9tats-Unis et la Chine illustre ce changement, alors que les deux pays r\u00e9\u00e9valuent leurs politiques \u00e9conomiques afin de r\u00e9duire leur d\u00e9pendance, ce qui pourrait compromettre leur autonomie strat\u00e9gique.<\/p>\n<h2><span style=\"font-size: 24px\">Populisme et nationalisme\u00a0: influences sur la politique \u00e0 l\u2019\u00e9chelle mondiale<\/span><\/h2>\n<p>La r\u00e9surgence du populisme et du nationalisme refa\u00e7onne la politique \u00e0 l\u2019\u00e9chelle mondiale en influen\u00e7ant les politiques int\u00e9rieures et ext\u00e9rieures des pays.\u00a0Dr Gertken a expliqu\u00e9 comment ces id\u00e9ologies poussent les pays \u00e0 adopter des politiques protectionnistes et\/ou militaristes, ce qui mine la coop\u00e9ration internationale et les structures de gouvernance mondiale.<\/p>\n<p>Cette tendance est visible dans les mouvements politiques montants en Russie, en Chine, aux \u00c9tats-Unis, en Europe et dans d\u2019autres parties du monde qui accordent la priorit\u00e9 \u00e0 l\u2019identit\u00e9 nationale et nourrissent souvent un scepticisme \u00e0 l\u2019\u00e9gard des accords et des institutions multinationales. L\u2019impact de ces mouvements est profond, car ils influencent des d\u00e9cisions politiques strat\u00e9giques, allant de l\u2019immigration au commerce, et remod\u00e8lent les alliances et les politiques internationales.<\/p>\n<h2><span style=\"font-size: 24px\">La trajectoire future des relations internationales<\/span><\/h2>\n<p>Dr\u00a0Gertken est d\u2019avis que les interactions entre la rivalit\u00e9 \u00a0des grandes puissances, l\u2019hypomondialisation et la mont\u00e9e du populisme d\u00e9finiront le futur paysage g\u00e9opolitique. Le risque de conflits augmente \u00e0 mesure que les pays adoptent des politiques r\u00e9gionales et mondiales \u00e9nergiques pour prot\u00e9ger leurs int\u00e9r\u00eats.<\/p>\n<p>Toutefois, il reste des possibilit\u00e9s de diplomatie et de coop\u00e9ration internationale, surtout au moment o\u00f9 les \u00c9tats doivent faire face aux cons\u00e9quences n\u00e9fastes de la trajectoire actuelle.<\/p>\n<p>D\u2019abord, en raison de la r\u00e9apparition de la menace d\u2019un conflit nucl\u00e9aire, les grandes puissances seront incit\u00e9es \u00e0 n\u00e9gocier des r\u00e8glements diplomatiques pour \u00e9viter des hostilit\u00e9s directes.<\/p>\n<p>Ensuite, tant que des conflits arm\u00e9s majeurs seront \u00e9vit\u00e9s, les politiciens devront coop\u00e9rer dans une certaine mesure pour pr\u00e9server la croissance \u00e9conomique et la stabilit\u00e9 sociale. Cela exigera des solutions pragmatiques en mati\u00e8re de commerce et d\u2019investissements transfrontaliers. Mais il y a peu de chances qu\u2019une acc\u00e9l\u00e9ration majeure de la mondialisation se produise \u00e0 court terme \u2013 et il est tout aussi probable que l\u2019hypomondialisation se d\u00e9t\u00e9riore davantage pour aboutir \u00e0 une v\u00e9ritable d\u00e9mondialisation.<\/p>\n<h2><span style=\"font-size: 24px\">Relations entre les \u00c9tats-Unis et la Russie\u00a0: un probl\u00e8me permanent<\/span><\/h2>\n<p>La conversation sur les relations entre les \u00c9tats-Unis et la Russie a \u00e9t\u00e9 particuli\u00e8rement poignante, compte tenu de la guerre en Ukraine, du dernier plan bipartite d\u2019aide militaire am\u00e9ricaine et des menaces nucl\u00e9aires russes.\u00a0Dr Gertken a soulign\u00e9 comment les tendances historiques de m\u00e9fiance et de rivalit\u00e9 ont refait surface en Europe de l\u2019Est, lesquelles rappellent la guerre froide, mais sont compliqu\u00e9es par l\u2019\u00e9mergence du d\u00e9clin \u00e9conomique \u00e0 long terme de la Russie et son alliance croissante avec la Chine.<\/p>\n<p>L\u2019annexion de la Crim\u00e9e et le conflit dans l\u2019est de l\u2019Ukraine illustrent les ambitions strat\u00e9giques de la Russie de reprendre son influence \u00e0 l\u2019\u00e9tranger et sa volont\u00e9 de contester l\u2019expansion de l\u2019OTAN par l\u2019Occident. Le r\u00e9sultat est le contraire, \u00e0 savoir l\u2019expansion de l\u2019OTAN pour inclure la Finlande et la Su\u00e8de, un divorce \u00e9conomique important entre l\u2019UE et la Russie, une forte probabilit\u00e9 de poursuite du d\u00e9clin \u00e9conomique et de l\u2019instabilit\u00e9 sociale de la Russie \u00e0 long terme et par cons\u00e9quent, un r\u00e9armement de l\u2019Europe.<\/p>\n<p>Cette dynamique entre grandes puissances est compliqu\u00e9e davantage par la technologie et la cyberguerre, des domaines o\u00f9 les r\u00e8gles d\u2019engagement ne sont pas clairement d\u00e9finies et o\u00f9 divers pays cherchent activement \u00e0 renforcer leurs capacit\u00e9s d\u00e9fensives et offensives.<\/p>\n<h2><span style=\"font-size: 24px\">Rivalit\u00e9 entre les \u00c9tats-Unis et la Chine\u00a0: pas de d\u00e9tente v\u00e9ritable en vue<\/span><\/h2>\n<p>La tentative des \u00c9tats-Unis de faire un virage strat\u00e9gique vers l\u2019Asie n\u2019\u00e9tait pas seulement une id\u00e9e, mais une n\u00e9cessit\u00e9 dict\u00e9e par la mont\u00e9e de la Chine en tant que puissance mondiale.<\/p>\n<p>Dr\u00a0Gertken a discut\u00e9 de la fa\u00e7on dont l\u2019engagement initial des \u00c9tats-Unis avec Chine, visant \u00e0 l\u2019int\u00e9grer au syst\u00e8me \u00e9conomique mondial, s\u2019est transform\u00e9 en une rivalit\u00e9 entre grandes puissances alors que les \u00c9tats-Unis devenaient de plus en plus distraits et divis\u00e9s pendant que la Chine commen\u00e7ait \u00e0 convertir sa prosp\u00e9rit\u00e9 en capacit\u00e9 strat\u00e9gique.<\/p>\n<p>Les probl\u00e8mes vont des d\u00e9s\u00e9quilibres commerciaux et du vol de propri\u00e9t\u00e9 intellectuelle aux tensions militaires au sujet de la Cor\u00e9e, de Ta\u00efwan et de la mer de Chine m\u00e9ridionale. Cette rivalit\u00e9 n\u2019est pas seulement une question de domination \u00e9conomique, mais aussi d\u2019int\u00e9r\u00eats id\u00e9ologiques et de s\u00e9curit\u00e9, les deux pays cherchant \u00e0 \u00e9tendre leur influence en Asie et ailleurs.<\/p>\n<p>Les diff\u00e9rends sont suffisamment importants pour que les relations se d\u00e9t\u00e9riorent avant de s\u2019am\u00e9liorer. Une nouvelle entente strat\u00e9gique devra \u00eatre n\u00e9goci\u00e9e, avec des engagements concrets pour assurer sa mise en \u0153uvre et c\u2019est loin d\u2019\u00eatre le cas en 2024. Dans le meilleur des cas, cela pourrait se produire en 2027-2028, mais c\u2019est hautement hypoth\u00e9tique.<\/p>\n<h2><span style=\"font-size: 24px\">Union europ\u00e9enne\u00a0: entre int\u00e9gration et souverainet\u00e9<\/span><\/h2>\n<p>La r\u00e9ponse de l\u2019Europe \u00e0 ces changements mondiaux est particuli\u00e8re en raison de sa structure de gouvernance supranationale. Dr Gertken a parl\u00e9 de la fa\u00e7on dont l\u2019Europe est \u00e9cartel\u00e9e entre une int\u00e9gration plus pouss\u00e9e, qui est n\u00e9cessaire pour exercer de l\u2019influence sur la sc\u00e8ne mondiale, et la mont\u00e9e des sentiments nationalistes au sein des \u00c9tats membres, qui pr\u00e9conisent une plus grande souverainet\u00e9 et un pouvoir local. La fa\u00e7on dont l\u2019UE a g\u00e9r\u00e9 le Brexit, la crise migratoire et les disparit\u00e9s \u00e9conomiques entre ses membres illustrent cette tension. De plus, la r\u00e9duction de la d\u00e9pendance \u00e9nerg\u00e9tique de l\u2019Europe \u00e0 l\u2019\u00e9gard de la Russie et les pressions r\u00e9centes en faveur d\u2019une autonomie strat\u00e9gique vis-\u00e0-vis des \u00c9tats-Unis mettent en lumi\u00e8re la position complexe de l\u2019UE dans la structure des puissances mondiales.<\/p>\n<p><img loading=\"lazy\" decoding=\"async\" class=\"alignnone size-large wp-image-23973\" src=\"https:\/\/richterca.tor1.digitaloceanspaces.com\/wp-content\/uploads\/2023\/10\/27145452\/a_shutterstock_1156122760-1024x683.jpg\" alt=\"Personne pointant avec un stylo des graphiques sur du papier\" width=\"1024\" height=\"683\" srcset=\"https:\/\/richterca.tor1.digitaloceanspaces.com\/wp-content\/uploads\/2023\/10\/27145452\/a_shutterstock_1156122760-1024x683.jpg 1024w, https:\/\/richterca.tor1.digitaloceanspaces.com\/wp-content\/uploads\/2023\/10\/27145452\/a_shutterstock_1156122760-600x400.jpg 600w, https:\/\/richterca.tor1.digitaloceanspaces.com\/wp-content\/uploads\/2023\/10\/27145452\/a_shutterstock_1156122760-768x512.jpg 768w, https:\/\/richterca.tor1.digitaloceanspaces.com\/wp-content\/uploads\/2023\/10\/27145452\/a_shutterstock_1156122760-1536x1024.jpg 1536w, https:\/\/richterca.tor1.digitaloceanspaces.com\/wp-content\/uploads\/2023\/10\/27145452\/a_shutterstock_1156122760-2048x1365.jpg 2048w\" sizes=\"auto, (max-width: 1024px) 100vw, 1024px\" \/><\/p>\n<h2><span style=\"font-size: 24px\">R\u00e9percussions des changements g\u00e9opolitiques sur les investissements<\/span><\/h2>\n<p>Dr Gertken a expliqu\u00e9 que le virage vers l\u2019hypomondialisation et le retour de la rivalit\u00e9 entre grandes puissances ont des cons\u00e9quences \u00e9conomiques importantes, qu\u2019il s\u2019agisse de d\u00e9ficits budg\u00e9taires plus importants, de fluctuations des prix de l\u2019\u00e9nergie et des tarifs commerciaux, ou encore de r\u00e9alignements des cha\u00eenes d\u2019approvisionnement mondiales. Les investisseurs et les entreprises font face \u00e0 un nouveau paradigme o\u00f9 l\u2019\u00e9valuation des risques g\u00e9opolitiques est cruciale pour la prise de d\u00e9cisions d\u2019investissement et la planification strat\u00e9gique.<\/p>\n<p>Le risque g\u00e9opolitique ne n\u00e9cessite pas des perspectives de placement continuellement \u00ab\u00a0baissi\u00e8res\u00a0\u00bb. Mais cela n\u00e9cessite un positionnement d\u00e9fensif dans le contexte actuel o\u00f9 les ratios boursiers sont \u00e9lev\u00e9s et le march\u00e9 du travail ralentit.<\/p>\n<h2><span style=\"font-size: 24px\">Pays \u00e9mergents\u00a0: des occasions au milieu de la tourmente<\/span><\/h2>\n<p>Bien que l\u2019accent soit souvent mis sur les grandes puissances, les pays \u00e9mergents pr\u00e9sentent des occasions et des d\u00e9fis importants en cette nouvelle \u00e8re g\u00e9opolitique. Des pays comme l\u2019Inde et le Br\u00e9sil traversent ces changements mondiaux en tirant parti de leurs avantages \u00e9conomiques et d\u00e9mographiques pour jouer un plus grand r\u00f4le sur la sc\u00e8ne mondiale. Cependant, ils font \u00e9galement face \u00e0 des d\u00e9fis internes li\u00e9s au populisme et \u00e0 la volatilit\u00e9 \u00e9conomique qui pourraient avoir une incidence sur leur trajectoire.<\/p>\n<p>En g\u00e9n\u00e9ral, Dr Gertken adopte une approche constructive \u00e0 l\u2019\u00e9gard du monde \u00e9mergent, en particulier l\u2019Inde, l\u2019Asie du Sud-Est et l\u2019Am\u00e9rique latine.<\/p>\n<h2><span style=\"font-size: 24px\">Progr\u00e8s technologiques et incidences sur la s\u00e9curit\u00e9<\/span><\/h2>\n<p>Comme Dr Gertken l\u2019a soulign\u00e9, les progr\u00e8s technologiques demeurent des points focaux de la rivalit\u00e9 entre grandes puissances. La course \u00e0 la sup\u00e9riorit\u00e9 technologique, en particulier dans des domaines comme l\u2019\u00e9nergie nouvelle, l\u2019intelligence artificielle, l\u2019informatique quantique et la cybers\u00e9curit\u00e9, entra\u00eene des r\u00e9percussions profondes sur les politiques budg\u00e9taires, la comp\u00e9titivit\u00e9 industrielle et les politiques commerciales.<\/p>\n<p>Ce champ de bataille technologique consiste \u00e0 promouvoir l\u2019industrie, \u00e0 s\u00e9curiser les cha\u00eenes d\u2019approvisionnement, \u00e0 prot\u00e9ger la propri\u00e9t\u00e9 intellectuelle et \u00e0 tenter d\u2019\u00e9tablir des normes pour l\u2019utilisation des technologies \u00e9mergentes. Du soutien budg\u00e9taire et la concurrence internationale pourraient g\u00e9n\u00e9rer des innovations et am\u00e9liorer la productivit\u00e9, mais des distorsions entre les \u00e9conomies et les march\u00e9s prendront aussi forme, ce qui r\u00e9duira l\u2019efficacit\u00e9 \u00e0 l\u2019\u00e9chelle mondiale.<\/p>\n<h2><span style=\"font-size: 24px\">Cybers\u00e9curit\u00e9\u00a0: une ar\u00e8ne de guerre moderne<\/span><\/h2>\n<p>Dans le domaine de la cybers\u00e9curit\u00e9, les menaces \u00e9voluent rapidement, les acteurs \u00e9tatiques et non \u00e9tatiques exploitant des capacit\u00e9s asym\u00e9triques, l\u2019absence de normes internationales et de nouvelles vuln\u00e9rabilit\u00e9s num\u00e9riques pour en tirer un avantage. Dr Gertken a expliqu\u00e9 que les cyberconfrontations entre les \u00c9tats-Unis et la Russie et les accusations d\u2019ing\u00e9rence \u00e9lectorale ne sont que la pointe de l\u2019iceberg. Il y a un incitatif pervers pour que les pays mettent \u00e0 l\u2019\u00e9preuve leurs limites et leurs capacit\u00e9s mutuelles dans le cyberespace, ce qui augmente le risque que cette rivalit\u00e9 se propage dans le monde r\u00e9el, affecte les infrastructures essentielles et entra\u00eene des menaces de repr\u00e9sailles militaires conventionnelles.<\/p>\n<p>De m\u00eame, la pression exerc\u00e9e par la Chine pour devenir un chef de file dans le domaine de la technologie\u00a05G n\u2019est pas seulement une d\u00e9cision \u00e9conomique, mais aussi un effort strat\u00e9gique pour fa\u00e7onner l\u2019infrastructure mondiale des t\u00e9l\u00e9communications, ce qui soul\u00e8ve des pr\u00e9occupations parmi les d\u00e9cideurs am\u00e9ricains et europ\u00e9ens au sujet de la protection de la vie priv\u00e9e, de la s\u00e9curit\u00e9 et de la surveillance. La combinaison du succ\u00e8s commercial et de l\u2019ambition strat\u00e9gique de la Chine poussent les Am\u00e9ricains \u00e0 imposer d\u2019autres restrictions qui divisent graduellement le monde en sph\u00e8res d\u2019influences oppos\u00e9es.<\/p>\n<h2><span style=\"font-size: 24px\">Astropolitique\u00a0: le r\u00f4le de l\u2019espace<\/span><\/h2>\n<p>L\u2019espace est devenu une nouvelle fronti\u00e8re durant la guerre froide. Aujourd\u2019hui, elle devient une ar\u00e8ne de rivalit\u00e9 commerciale et g\u00e9opolitique en expansion. Des pays comme les \u00c9tats-Unis, la Russie, la Chine et l\u2019Inde ainsi que des entit\u00e9s priv\u00e9es se disputent un avantage.<\/p>\n<p>Les \u00c9tats-Unis, la Russie et la Chine \u00e9changent de plus en plus de menaces au sujet de la militarisation de l\u2019espace. L\u2019absence totale de normes de comportement cr\u00e9e de fortes probabilit\u00e9s d\u2019erreurs et d\u2019affrontements. Les grandes puissances finiront peut-\u00eatre par \u00e9laborer des r\u00e8gles d\u2019engagement qui emp\u00eacheront une concurrence effr\u00e9n\u00e9e, mais l\u2019histoire porte \u00e0 croire que ces r\u00e8gles s\u2019\u00e9laboreront apr\u00e8s, et non avant, des crises qui menaceront de d\u00e9stabiliser l\u2019ordre mondial.<\/p>\n<p>Si l\u2019on ne trouve pas de solutions diplomatiques aux conflits g\u00e9opolitiques, ces conflits pourraient se d\u00e9rouler avec de nouvelles armes dans l\u2019espace et sur la Terre. La prolif\u00e9ration des syst\u00e8mes de missiles balistiques a d\u00e9j\u00e0 men\u00e9 au premier incident de guerre dans l\u2019espace, lorsque, le 31\u00a0octobre\u00a02023, Isra\u00ebl a intercept\u00e9 un missile balistique lanc\u00e9 par les Houthis, soutenus par l\u2019Iran, \u00e0 l\u2019ext\u00e9rieur de l\u2019atmosph\u00e8re terrestre.<\/p>\n<p>Isra\u00ebl et ses alli\u00e9s ont r\u00e9ussi \u00e0 se d\u00e9fendre contre un barrage de missiles balistiques iraniens le 13\u00a0avril, mais le conflit s&rsquo;intensifie au lieu de s&rsquo;apaiser puisque l\u2019Iran cherche \u00e0 se doter d\u2019une arme nucl\u00e9aire op\u00e9rationnelle.<\/p>\n<p>Dans tous les th\u00e9\u00e2tres de rivalit\u00e9 g\u00e9opolitique, il y aura de nouveaux investissements dans la d\u00e9fense antimissile ainsi que dans les capacit\u00e9s spatiales et cybern\u00e9tiques.<\/p>\n<h2><span style=\"font-size: 24px\">D\u00e9fis environnementaux et r\u00e9percussions g\u00e9opolitiques<\/span><\/h2>\n<p>Enfin, les questions environnementales sont de plus en plus reconnues comme des \u00e9l\u00e9ments essentiels de la s\u00e9curit\u00e9 nationale. Premi\u00e8rement, les r\u00e9gimes craignent pour leur survie si la d\u00e9sindustrialisation et\/ou les catastrophes naturelles augmentent les troubles sociaux, de sorte qu\u2019ils subventionnent des \u00e9nergies alternatives. Deuxi\u00e8mement, les \u00c9tats ne peuvent pas se permettre de passer \u00e0 c\u00f4t\u00e9 d\u2019innovations majeures dans le domaine des technologies \u00e9nerg\u00e9tiques, car cela r\u00e9duirait leur s\u00e9curit\u00e9. En m\u00eame temps, une transition \u00e9nerg\u00e9tique trop rapide peut engendrer ce que les \u00c9tats veulent \u00e9viter, \u00e0 savoir des troubles sociaux.<\/p>\n<p>La lutte pour des ressources comme les min\u00e9raux de terres rares dont les industries de haute technologie ont besoin rena\u00eet en tant qu\u2019aspect important des relations internationales.<\/p>\n<h2><span style=\"font-size: 24px\">Pr\u00e9parer un avenir dynamique<\/span><\/h2>\n<p>Les \u00e9l\u00e9ments importants de cette conversation avec Matt\u00a0Gertken donnent un aper\u00e7u g\u00e9n\u00e9ral de la dynamique qui fa\u00e7onne l\u2019environnement g\u00e9opolitique. Alors que les investisseurs traversent une p\u00e9riode de turbulence, la capacit\u00e9 des pays \u00e0 s\u2019adapter et \u00e0 relever ces d\u00e9fis de fa\u00e7on productive d\u00e9terminera si le monde se dirige vers la paix et la prosp\u00e9rit\u00e9 ou vers la guerre et la pauvret\u00e9.<\/p>\n<p>Pour les entreprises et les investisseurs, ces \u00e9l\u00e9ments sont essentiels pour g\u00e9rer les risques et cerner les possibilit\u00e9s dans un monde en \u00e9volution rapide. Les interactions entre la g\u00e9opolitique, la macro\u00e9conomie, la technologie et l\u2019environnement continueront de dicter l\u2019\u00e9volution de l\u2019ordre mondial, ce qui exigera une approche vigilante et adaptative de la part de toutes les parties concern\u00e9es et pourrait cr\u00e9er un contexte \u00e9conomique et un contexte de placement plus difficile dans les ann\u00e9es \u00e0 venir.<\/p>\n<p>&nbsp;<\/p>\n<p><em>Les points de vue et opinions exprim\u00e9s dans le pr\u00e9sent article sont uniquement ceux des collaborateurs et ne refl\u00e8tent pas n\u00e9cessairement la politique ou la position officielle de Richter. Ces renseignements sont fournis \u00e0 titre d\u2019information seulement et ne doivent pas \u00eatre interpr\u00e9t\u00e9s comme des d\u00e9clarations ou des endossements officiels de Richter.<\/em><\/p>\n<\/div>","protected":false},"excerpt":{"rendered":"<p>Richter a tenu une discussion int\u00e9ressante entre Matt Gertken, Ph. D., strat\u00e8ge en chef, strat\u00e9gie g\u00e9opolitique et strat\u00e9gie politique am\u00e9ricaine \u00e0 BCA Research, et Tony Keller, chroniqueur au Globe and Mail, au sujet du retour de la rivalit\u00e9 entre grandes puissances et ses r\u00e9percussions. Voici quelques faits saillants de leur conversation.<\/p>\n","protected":false},"featured_media":0,"template":"","insights-type":[1360],"class_list":["post-25120","insights","type-insights","status-publish","hentry","insights-type-gerer-votre-patrimoine"],"acf":[],"yoast_head":"<!-- This site is optimized with the Yoast SEO plugin v26.9 - https:\/\/yoast.com\/product\/yoast-seo-wordpress\/ -->\n<title>Le retour de la rivalit\u00e9 entre grandes puissances et ses cons\u00e9quences - Richter<\/title>\n<meta name=\"description\" content=\"Richter a tenu une discussion int\u00e9ressante entre Matt Gertken, Ph. D., strat\u00e8ge en chef, strat\u00e9gie g\u00e9opolitique et strat\u00e9gie politique am\u00e9ricaine \u00e0 BCA Research, et Tony Keller, chroniqueur au Globe and Mail, au sujet du retour de la rivalit\u00e9 entre grandes puissances et ses r\u00e9percussions. Voici quelques faits saillants de leur conversation.\" \/>\n<meta name=\"robots\" content=\"index, follow, max-snippet:-1, max-image-preview:large, max-video-preview:-1\" \/>\n<meta property=\"og:locale\" content=\"fr_FR\" \/>\n<meta property=\"og:type\" content=\"article\" \/>\n<meta property=\"og:title\" content=\"Le retour de la rivalit\u00e9 entre grandes puissances et ses cons\u00e9quences - Richter\" \/>\n<meta property=\"og:description\" content=\"Richter a tenu une discussion int\u00e9ressante entre Matt Gertken, Ph. D., strat\u00e8ge en chef, strat\u00e9gie g\u00e9opolitique et strat\u00e9gie politique am\u00e9ricaine \u00e0 BCA Research, et Tony Keller, chroniqueur au Globe and Mail, au sujet du retour de la rivalit\u00e9 entre grandes puissances et ses r\u00e9percussions. Voici quelques faits saillants de leur conversation.\" \/>\n<meta property=\"og:url\" content=\"https:\/\/www.www.richter.ca\/fr\/nos-reflexions\/le-retour-de-la-rivalite-entre-grandes-puissances-et-ses-consequences\/\" \/>\n<meta property=\"og:site_name\" content=\"Richter\" \/>\n<meta property=\"article:publisher\" content=\"https:\/\/www.facebook.com\/Richtercanada\/\" \/>\n<meta property=\"article:modified_time\" content=\"2024-05-21T14:50:24+00:00\" \/>\n<meta property=\"og:image\" content=\"https:\/\/richterca.tor1.digitaloceanspaces.com\/wp-content\/uploads\/2018\/08\/share-og.jpg\" \/>\n\t<meta property=\"og:image:width\" content=\"1920\" \/>\n\t<meta property=\"og:image:height\" content=\"1008\" \/>\n\t<meta property=\"og:image:type\" content=\"image\/jpeg\" \/>\n<meta name=\"twitter:card\" content=\"summary_large_image\" \/>\n<meta name=\"twitter:site\" content=\"@richtercanada\" \/>\n<script type=\"application\/ld+json\" class=\"yoast-schema-graph\">{\"@context\":\"https:\/\/schema.org\",\"@graph\":[{\"@type\":\"WebPage\",\"@id\":\"https:\/\/www.www.richter.ca\/fr\/nos-reflexions\/le-retour-de-la-rivalite-entre-grandes-puissances-et-ses-consequences\/\",\"url\":\"https:\/\/www.www.richter.ca\/fr\/nos-reflexions\/le-retour-de-la-rivalite-entre-grandes-puissances-et-ses-consequences\/\",\"name\":\"Le retour de la rivalit\u00e9 entre grandes puissances et ses cons\u00e9quences - Richter\",\"isPartOf\":{\"@id\":\"https:\/\/www.www.richter.ca\/#website\"},\"datePublished\":\"2024-05-21T14:45:03+00:00\",\"dateModified\":\"2024-05-21T14:50:24+00:00\",\"description\":\"Richter a tenu une discussion int\u00e9ressante entre Matt Gertken, Ph. D., strat\u00e8ge en chef, strat\u00e9gie g\u00e9opolitique et strat\u00e9gie politique am\u00e9ricaine \u00e0 BCA Research, et Tony Keller, chroniqueur au Globe and Mail, au sujet du retour de la rivalit\u00e9 entre grandes puissances et ses r\u00e9percussions. Voici quelques faits saillants de leur conversation.\",\"breadcrumb\":{\"@id\":\"https:\/\/www.www.richter.ca\/fr\/nos-reflexions\/le-retour-de-la-rivalite-entre-grandes-puissances-et-ses-consequences\/#breadcrumb\"},\"inLanguage\":\"fr-FR\",\"potentialAction\":[{\"@type\":\"ReadAction\",\"target\":[\"https:\/\/www.www.richter.ca\/fr\/nos-reflexions\/le-retour-de-la-rivalite-entre-grandes-puissances-et-ses-consequences\/\"]}]},{\"@type\":\"BreadcrumbList\",\"@id\":\"https:\/\/www.www.richter.ca\/fr\/nos-reflexions\/le-retour-de-la-rivalite-entre-grandes-puissances-et-ses-consequences\/#breadcrumb\",\"itemListElement\":[{\"@type\":\"ListItem\",\"position\":1,\"name\":\"Richter\",\"item\":\"https:\/\/www.richter.ca\/fr\/accueil\/\"},{\"@type\":\"ListItem\",\"position\":2,\"name\":\"Insights\",\"item\":\"https:\/\/www.www.richter.ca\/fr\/nos-reflexions\/\"},{\"@type\":\"ListItem\",\"position\":3,\"name\":\"Le retour de la rivalit\u00e9 entre grandes puissances et ses cons\u00e9quences\"}]},{\"@type\":\"WebSite\",\"@id\":\"https:\/\/www.www.richter.ca\/#website\",\"url\":\"https:\/\/www.www.richter.ca\/\",\"name\":\"Richter\",\"description\":\"Un site utilisant WordPress\",\"publisher\":{\"@id\":\"https:\/\/www.www.richter.ca\/#organization\"},\"potentialAction\":[{\"@type\":\"SearchAction\",\"target\":{\"@type\":\"EntryPoint\",\"urlTemplate\":\"https:\/\/www.www.richter.ca\/?s={search_term_string}\"},\"query-input\":{\"@type\":\"PropertyValueSpecification\",\"valueRequired\":true,\"valueName\":\"search_term_string\"}}],\"inLanguage\":\"fr-FR\"},{\"@type\":\"Organization\",\"@id\":\"https:\/\/www.www.richter.ca\/#organization\",\"name\":\"Richter\",\"url\":\"https:\/\/www.www.richter.ca\/\",\"logo\":{\"@type\":\"ImageObject\",\"inLanguage\":\"fr-FR\",\"@id\":\"https:\/\/www.www.richter.ca\/#\/schema\/logo\/image\/\",\"url\":\"https:\/\/www.richter.ca\/wp-content\/uploads\/2018\/08\/logo.png\",\"contentUrl\":\"https:\/\/www.richter.ca\/wp-content\/uploads\/2018\/08\/logo.png\",\"width\":128,\"height\":24,\"caption\":\"Richter\"},\"image\":{\"@id\":\"https:\/\/www.www.richter.ca\/#\/schema\/logo\/image\/\"},\"sameAs\":[\"https:\/\/www.facebook.com\/Richtercanada\/\",\"https:\/\/x.com\/richtercanada\",\"https:\/\/www.instagram.com\/richtercanada\",\"https:\/\/www.linkedin.com\/company\/richter\/?trk=hb_tab_compy_id_255303\"],\"address\":[{\"@type\":\"PostalAddress\",\"addressLocality\":\"Montreal, QC, Canada\",\"postalCode\":\"H3A 0G6\",\"streetAddress\":\"1981 McGill College, #1100 The Richter Tower\"},{\"@type\":\"PostalAddress\",\"addressLocality\":\"Toronto, ON, Canada\",\"postalCode\":\"M5J 2T3\",\"streetAddress\":\"181 Bay St. #3510 Bay Wellington Tower\"},{\"@type\":\"PostalAddress\",\"addressLocality\":\"Chicago, IL, United States\",\"postalCode\":\"60606\",\"streetAddress\":\"200 South Wacker, #3100\"}],\"contactPoint\":[{\"@type\":\"ContactPoint\",\"telephone\":\"+1-514-934-3400\",\"contactType\":\"Montreal office\"},{\"@type\":\"ContactPoint\",\"telephone\":\"+1-416-488-2345\",\"contactType\":\"Toronto office\"},{\"@type\":\"ContactPoint\",\"telephone\":\"+1-312-828-0800\",\"contactType\":\"Chicago office\"}]}]}<\/script>\n<!-- \/ Yoast SEO plugin. -->","yoast_head_json":{"title":"Le retour de la rivalit\u00e9 entre grandes puissances et ses cons\u00e9quences - Richter","description":"Richter a tenu une discussion int\u00e9ressante entre Matt Gertken, Ph. D., strat\u00e8ge en chef, strat\u00e9gie g\u00e9opolitique et strat\u00e9gie politique am\u00e9ricaine \u00e0 BCA Research, et Tony Keller, chroniqueur au Globe and Mail, au sujet du retour de la rivalit\u00e9 entre grandes puissances et ses r\u00e9percussions. Voici quelques faits saillants de leur conversation.","robots":{"index":"index","follow":"follow","max-snippet":"max-snippet:-1","max-image-preview":"max-image-preview:large","max-video-preview":"max-video-preview:-1"},"og_locale":"fr_FR","og_type":"article","og_title":"Le retour de la rivalit\u00e9 entre grandes puissances et ses cons\u00e9quences - Richter","og_description":"Richter a tenu une discussion int\u00e9ressante entre Matt Gertken, Ph. D., strat\u00e8ge en chef, strat\u00e9gie g\u00e9opolitique et strat\u00e9gie politique am\u00e9ricaine \u00e0 BCA Research, et Tony Keller, chroniqueur au Globe and Mail, au sujet du retour de la rivalit\u00e9 entre grandes puissances et ses r\u00e9percussions. Voici quelques faits saillants de leur conversation.","og_url":"https:\/\/www.www.richter.ca\/fr\/nos-reflexions\/le-retour-de-la-rivalite-entre-grandes-puissances-et-ses-consequences\/","og_site_name":"Richter","article_publisher":"https:\/\/www.facebook.com\/Richtercanada\/","article_modified_time":"2024-05-21T14:50:24+00:00","og_image":[{"width":1920,"height":1008,"url":"https:\/\/richterca.tor1.digitaloceanspaces.com\/wp-content\/uploads\/2018\/08\/share-og.jpg","type":"image\/jpeg"}],"twitter_card":"summary_large_image","twitter_site":"@richtercanada","schema":{"@context":"https:\/\/schema.org","@graph":[{"@type":"WebPage","@id":"https:\/\/www.www.richter.ca\/fr\/nos-reflexions\/le-retour-de-la-rivalite-entre-grandes-puissances-et-ses-consequences\/","url":"https:\/\/www.www.richter.ca\/fr\/nos-reflexions\/le-retour-de-la-rivalite-entre-grandes-puissances-et-ses-consequences\/","name":"Le retour de la rivalit\u00e9 entre grandes puissances et ses cons\u00e9quences - Richter","isPartOf":{"@id":"https:\/\/www.www.richter.ca\/#website"},"datePublished":"2024-05-21T14:45:03+00:00","dateModified":"2024-05-21T14:50:24+00:00","description":"Richter a tenu une discussion int\u00e9ressante entre Matt Gertken, Ph. D., strat\u00e8ge en chef, strat\u00e9gie g\u00e9opolitique et strat\u00e9gie politique am\u00e9ricaine \u00e0 BCA Research, et Tony Keller, chroniqueur au Globe and Mail, au sujet du retour de la rivalit\u00e9 entre grandes puissances et ses r\u00e9percussions. Voici quelques faits saillants de leur conversation.","breadcrumb":{"@id":"https:\/\/www.www.richter.ca\/fr\/nos-reflexions\/le-retour-de-la-rivalite-entre-grandes-puissances-et-ses-consequences\/#breadcrumb"},"inLanguage":"fr-FR","potentialAction":[{"@type":"ReadAction","target":["https:\/\/www.www.richter.ca\/fr\/nos-reflexions\/le-retour-de-la-rivalite-entre-grandes-puissances-et-ses-consequences\/"]}]},{"@type":"BreadcrumbList","@id":"https:\/\/www.www.richter.ca\/fr\/nos-reflexions\/le-retour-de-la-rivalite-entre-grandes-puissances-et-ses-consequences\/#breadcrumb","itemListElement":[{"@type":"ListItem","position":1,"name":"Richter","item":"https:\/\/www.richter.ca\/fr\/accueil\/"},{"@type":"ListItem","position":2,"name":"Insights","item":"https:\/\/www.www.richter.ca\/fr\/nos-reflexions\/"},{"@type":"ListItem","position":3,"name":"Le retour de la rivalit\u00e9 entre grandes puissances et ses cons\u00e9quences"}]},{"@type":"WebSite","@id":"https:\/\/www.www.richter.ca\/#website","url":"https:\/\/www.www.richter.ca\/","name":"Richter","description":"Un site utilisant WordPress","publisher":{"@id":"https:\/\/www.www.richter.ca\/#organization"},"potentialAction":[{"@type":"SearchAction","target":{"@type":"EntryPoint","urlTemplate":"https:\/\/www.www.richter.ca\/?s={search_term_string}"},"query-input":{"@type":"PropertyValueSpecification","valueRequired":true,"valueName":"search_term_string"}}],"inLanguage":"fr-FR"},{"@type":"Organization","@id":"https:\/\/www.www.richter.ca\/#organization","name":"Richter","url":"https:\/\/www.www.richter.ca\/","logo":{"@type":"ImageObject","inLanguage":"fr-FR","@id":"https:\/\/www.www.richter.ca\/#\/schema\/logo\/image\/","url":"https:\/\/www.richter.ca\/wp-content\/uploads\/2018\/08\/logo.png","contentUrl":"https:\/\/www.richter.ca\/wp-content\/uploads\/2018\/08\/logo.png","width":128,"height":24,"caption":"Richter"},"image":{"@id":"https:\/\/www.www.richter.ca\/#\/schema\/logo\/image\/"},"sameAs":["https:\/\/www.facebook.com\/Richtercanada\/","https:\/\/x.com\/richtercanada","https:\/\/www.instagram.com\/richtercanada","https:\/\/www.linkedin.com\/company\/richter\/?trk=hb_tab_compy_id_255303"],"address":[{"@type":"PostalAddress","addressLocality":"Montreal, QC, Canada","postalCode":"H3A 0G6","streetAddress":"1981 McGill College, #1100 The Richter Tower"},{"@type":"PostalAddress","addressLocality":"Toronto, ON, Canada","postalCode":"M5J 2T3","streetAddress":"181 Bay St. #3510 Bay Wellington Tower"},{"@type":"PostalAddress","addressLocality":"Chicago, IL, United States","postalCode":"60606","streetAddress":"200 South Wacker, #3100"}],"contactPoint":[{"@type":"ContactPoint","telephone":"+1-514-934-3400","contactType":"Montreal office"},{"@type":"ContactPoint","telephone":"+1-416-488-2345","contactType":"Toronto office"},{"@type":"ContactPoint","telephone":"+1-312-828-0800","contactType":"Chicago office"}]}]}},"_links":{"self":[{"href":"https:\/\/www.richter.ca\/fr\/wp-json\/wp\/v2\/insights\/25120","targetHints":{"allow":["GET"]}}],"collection":[{"href":"https:\/\/www.richter.ca\/fr\/wp-json\/wp\/v2\/insights"}],"about":[{"href":"https:\/\/www.richter.ca\/fr\/wp-json\/wp\/v2\/types\/insights"}],"wp:attachment":[{"href":"https:\/\/www.richter.ca\/fr\/wp-json\/wp\/v2\/media?parent=25120"}],"wp:term":[{"taxonomy":"insights-type","embeddable":true,"href":"https:\/\/www.richter.ca\/fr\/wp-json\/wp\/v2\/insights-type?post=25120"}],"curies":[{"name":"wp","href":"https:\/\/api.w.org\/{rel}","templated":true}]}}