{"id":5316,"date":"2018-09-17T17:24:34","date_gmt":"2018-09-17T15:24:34","guid":{"rendered":"https:\/\/www.richter.ca\/?post_type=interviews&#038;p=5316"},"modified":"2022-03-13T20:00:30","modified_gmt":"2022-03-13T19:00:30","slug":"rencontrez-michel-reinhardt-associe","status":"publish","type":"insights","link":"https:\/\/www.richter.ca\/fr\/nos-reflexions\/rencontrez-michel-reinhardt-associe\/","title":{"rendered":"Soci\u00e9t\u00e9 canadienne du cancer"},"content":{"rendered":"<h2><strong>Michel est membre du Conseil d&rsquo;administration et pr\u00e9sident du Comit\u00e9 d\u2019audit et de gestions des risques de la Soci\u00e9t\u00e9 canadienne du cancer &#8211; Division du Qu\u00e9bec depuis 2014.<\/strong><\/h2>\n<h3><strong>1- Michel, pouvez-vous nous parler de votre engagement aupr\u00e8s de la Soci\u00e9t\u00e9 canadienne du cancer?<\/strong><\/h3>\n<p>La Soci\u00e9t\u00e9 canadienne du cancer (SCC)\u00a0 est l\u2019organisme national qui a le plus d\u2019impact dans la lutte au cancer au pays.\u00a0 C\u2019est gr\u00e2ce \u00e0 la confiance du public et des donateurs qu\u2019elle a pu acqu\u00e9rir cette position. On peut affirmer que pour ce type d\u2019organisation, la r\u00e9putation est sans aucun doute l\u2019actif\u00a0 le plus important.\u00a0 Le r\u00f4le du comit\u00e9 d\u2019audit et de gestion de risques dont j\u2019ai eu le plaisir d\u2019\u00eatre le pr\u00e9sident est crucial en ce sens. Le Conseil d\u2019administration compte sur la rigueur de nos analyses, rapports et recommandations afin de prendre des d\u00e9cisions \u00e9clair\u00e9es. Le pr\u00e9sident et les membres du comit\u00e9 sont en quelque sorte les gardiens de la bonne r\u00e9putation quant \u00e0 la saine gestion des finances de l\u2019organisme. Mon r\u00f4le est aussi de recruter les membres du comit\u00e9 et de faire en sorte que l\u2019organisation puisse acc\u00e9der \u00e0 une vari\u00e9t\u00e9 de comp\u00e9tences et d\u2019exp\u00e9rience.\u00a0 Le comit\u00e9 est impliqu\u00e9 tant pour la pr\u00e9paration et les suivis budg\u00e9taires, pour la supervision de l\u2019audit ou encore la supervision du plan d\u2019att\u00e9nuation des risques.<\/p>\n<h3><strong>2- Qu\u2019est-ce qui vous a incit\u00e9 \u00e0 vous engager aupr\u00e8s de la collectivit\u00e9?<\/strong><\/h3>\n<p>Depuis le d\u00e9but de ma carri\u00e8re, je m\u2019implique dans des organismes \u00e0 but non lucratif. Je consid\u00e8re \u00eatre une personne privil\u00e9gi\u00e9e par la vie et il m\u2019appara\u00eet juste normal de pouvoir donner un peu de mon temps \u00e0 la soci\u00e9t\u00e9.\u00a0 Mon \u00e9pouse est chercheure au CRCHUM et c\u2019est gr\u00e2ce \u00e0 elle que j\u2019ai appris toute l\u2019importance de la recherche m\u00e9dicale pour trouver des solutions \u00e0 court et \u00e0 long terme pour les patients. Comme beaucoup d\u2019entre nous, je connais des gens qui ont \u00e9t\u00e9 atteint de cette terrible maladie qui est le cancer. Quand on m\u2019a pr\u00e9sent\u00e9 cette opportunit\u00e9 de devenir pr\u00e9sident du Comit\u00e9 d\u2019audit et de gestion des risques, il y avait seulement une r\u00e9ponse possible OUI.<\/p>\n<h3><strong>3- Selon vous, \u00e0 quel point les dons de temps, d\u2019\u00e9nergie et d\u2019argent sont-ils importants pour la Soci\u00e9t\u00e9 canadienne du cancer? Comment les fonds recueillis sont-ils r\u00e9partis?<\/strong><\/h3>\n<p>Un des plus grands d\u00e9fis des organismes sans but lucratifs est le recrutement de b\u00e9n\u00e9voles. Bien entendu, l\u2019argent est extr\u00eamement important mais sans l\u2019apport des b\u00e9n\u00e9voles plusieurs organismes ne pourraient pas atteindre leurs objectifs. Pour la SCC, Les fonds recueillis servent \u00e0 financer la recherche mais aussi \u00e0 soutenir les diff\u00e9rents programmes d\u2019aide et de pr\u00e9vention.\u00a0 Une plus modeste proportion est consacr\u00e9e \u00e0 la d\u00e9fense de l\u2019int\u00e9r\u00eat public en vue de r\u00e9clamer des lois et des investissements gouvernementaux afin d\u2019am\u00e9liorer la sant\u00e9 des populations.<\/p>\n<h3><strong>4- Quelle est la plus grande le\u00e7on tir\u00e9e de votre engagement aupr\u00e8s de cet organisme en particulier?<\/strong><\/h3>\n<p>Je suis toujours impressionn\u00e9 par ces gens qui malgr\u00e9 les situations difficiles trouvent le moyen de rebondir. La plus grande le\u00e7on pour moi est sans aucun doute la capacit\u00e9 de r\u00e9silience de l\u2019\u00eatre humain. J\u2019ai c\u00f4toy\u00e9 plusieurs personnes atteints de cancer durant mon engagement avec la SCC et tous avait cette m\u00eame force.<\/p>\n<h3><strong>5- Des \u00e9v\u00e9nements sont-ils pr\u00e9vus prochainement?<\/strong><\/h3>\n<p>Le prochain grand \u00e9v\u00e9nement de collecte de fonds, La course \u00e0 la vie CIBC, se tiendra le 30 septembre prochain et r\u00e9unira plus de 100\u00a0000 personnes dans diff\u00e9rentes localit\u00e9s au pays.\u00a0 L\u2019objectif est d\u2019amasser 17 millions afin de soutenir la lutte au cancer du sein. Dans les autres activit\u00e9s de la SCC durant l\u2019ann\u00e9e, il y a les <a href=\"https:\/\/secure2.convio.net\/cco\/site\/SPageServer\/;jsessionid=00000000.app277a?NONCE_TOKEN=23965F27B768D6957B7E80D1E978B519&amp;pagename=RFL_CAN_NATL_homepage&amp;s_locale=fr_CA\">Relais pour la vie<\/a> qui est un \u00e9v\u00e8nement pancanadien \u00e0 l\u2019occasion duquel les communaut\u00e9s se r\u00e9unissent pour lutter contre le cancer et le <a href=\"http:\/\/www.baldelajonquille.ca\/fr\/index.php\">Bal de la Jonquill<\/a>e au printemps pour ne nommer que ceux-l\u00e0.<\/p>\n","protected":false},"excerpt":{"rendered":"<p>Michel est membre du Conseil d&rsquo;administration et pr\u00e9sident du Comit\u00e9 d\u2019audit et de gestions des risques de la Soci\u00e9t\u00e9 canadienne du cancer &#8211; Division du Qu\u00e9bec depuis 2014. 1- Michel, pouvez-vous nous parler de votre engagement aupr\u00e8s de la Soci\u00e9t\u00e9 canadienne du cancer? La Soci\u00e9t\u00e9 canadienne du cancer (SCC)\u00a0 est l\u2019organisme national qui a le [&hellip;]<\/p>\n","protected":false},"featured_media":0,"template":"","insights-type":[1358],"class_list":["post-5316","insights","type-insights","status-publish","hentry","insights-type-nouvelles-la-vie-chez-richter"],"acf":[],"yoast_head":"<!-- This site is optimized with the Yoast SEO plugin v26.9 - https:\/\/yoast.com\/product\/yoast-seo-wordpress\/ -->\n<title>Soci\u00e9t\u00e9 canadienne du cancer - Richter<\/title>\n<meta name=\"description\" content=\"Michel est membre du Conseil d&#039;administration et pr\u00e9sident du Comit\u00e9 d\u2019audit et de gestions des risques de la Soci\u00e9t\u00e9 canadienne du cancer - Division du Qu\u00e9bec depuis 2014.\" \/>\n<meta name=\"robots\" content=\"index, follow, max-snippet:-1, max-image-preview:large, max-video-preview:-1\" \/>\n<meta property=\"og:locale\" content=\"fr_FR\" \/>\n<meta property=\"og:type\" content=\"article\" \/>\n<meta property=\"og:title\" content=\"Soci\u00e9t\u00e9 canadienne du cancer - Richter\" \/>\n<meta property=\"og:description\" content=\"Michel est membre du Conseil d&#039;administration et pr\u00e9sident du Comit\u00e9 d\u2019audit et de gestions des risques de la Soci\u00e9t\u00e9 canadienne du cancer - Division du Qu\u00e9bec depuis 2014.\" \/>\n<meta property=\"og:url\" content=\"https:\/\/www.www.richter.ca\/fr\/nos-reflexions\/rencontrez-michel-reinhardt-associe\/\" \/>\n<meta property=\"og:site_name\" content=\"Richter\" \/>\n<meta property=\"article:publisher\" content=\"https:\/\/www.facebook.com\/Richtercanada\/\" \/>\n<meta property=\"article:modified_time\" content=\"2022-03-13T19:00:30+00:00\" \/>\n<meta property=\"og:image\" content=\"https:\/\/richterca.tor1.digitaloceanspaces.com\/wp-content\/uploads\/2018\/08\/share-og.jpg\" \/>\n\t<meta property=\"og:image:width\" content=\"1920\" \/>\n\t<meta property=\"og:image:height\" content=\"1008\" \/>\n\t<meta property=\"og:image:type\" content=\"image\/jpeg\" \/>\n<meta name=\"twitter:card\" content=\"summary_large_image\" \/>\n<meta name=\"twitter:site\" content=\"@richtercanada\" \/>\n<meta name=\"twitter:label1\" content=\"Dur\u00e9e de lecture estim\u00e9e\" \/>\n\t<meta name=\"twitter:data1\" content=\"3 minutes\" \/>\n<script type=\"application\/ld+json\" class=\"yoast-schema-graph\">{\"@context\":\"https:\/\/schema.org\",\"@graph\":[{\"@type\":\"WebPage\",\"@id\":\"https:\/\/www.www.richter.ca\/fr\/nos-reflexions\/rencontrez-michel-reinhardt-associe\/\",\"url\":\"https:\/\/www.www.richter.ca\/fr\/nos-reflexions\/rencontrez-michel-reinhardt-associe\/\",\"name\":\"Soci\u00e9t\u00e9 canadienne du cancer - Richter\",\"isPartOf\":{\"@id\":\"https:\/\/www.www.richter.ca\/#website\"},\"datePublished\":\"2018-09-17T15:24:34+00:00\",\"dateModified\":\"2022-03-13T19:00:30+00:00\",\"description\":\"Michel est membre du Conseil d'administration et pr\u00e9sident du Comit\u00e9 d\u2019audit et de gestions des risques de la Soci\u00e9t\u00e9 canadienne du cancer - Division du Qu\u00e9bec depuis 2014.\",\"breadcrumb\":{\"@id\":\"https:\/\/www.www.richter.ca\/fr\/nos-reflexions\/rencontrez-michel-reinhardt-associe\/#breadcrumb\"},\"inLanguage\":\"fr-FR\",\"potentialAction\":[{\"@type\":\"ReadAction\",\"target\":[\"https:\/\/www.www.richter.ca\/fr\/nos-reflexions\/rencontrez-michel-reinhardt-associe\/\"]}]},{\"@type\":\"BreadcrumbList\",\"@id\":\"https:\/\/www.www.richter.ca\/fr\/nos-reflexions\/rencontrez-michel-reinhardt-associe\/#breadcrumb\",\"itemListElement\":[{\"@type\":\"ListItem\",\"position\":1,\"name\":\"Richter\",\"item\":\"https:\/\/www.richter.ca\/fr\/accueil\/\"},{\"@type\":\"ListItem\",\"position\":2,\"name\":\"Insights\",\"item\":\"https:\/\/www.www.richter.ca\/fr\/nos-reflexions\/\"},{\"@type\":\"ListItem\",\"position\":3,\"name\":\"Soci\u00e9t\u00e9 canadienne du cancer\"}]},{\"@type\":\"WebSite\",\"@id\":\"https:\/\/www.www.richter.ca\/#website\",\"url\":\"https:\/\/www.www.richter.ca\/\",\"name\":\"Richter\",\"description\":\"Un site utilisant WordPress\",\"publisher\":{\"@id\":\"https:\/\/www.www.richter.ca\/#organization\"},\"potentialAction\":[{\"@type\":\"SearchAction\",\"target\":{\"@type\":\"EntryPoint\",\"urlTemplate\":\"https:\/\/www.www.richter.ca\/?s={search_term_string}\"},\"query-input\":{\"@type\":\"PropertyValueSpecification\",\"valueRequired\":true,\"valueName\":\"search_term_string\"}}],\"inLanguage\":\"fr-FR\"},{\"@type\":\"Organization\",\"@id\":\"https:\/\/www.www.richter.ca\/#organization\",\"name\":\"Richter\",\"url\":\"https:\/\/www.www.richter.ca\/\",\"logo\":{\"@type\":\"ImageObject\",\"inLanguage\":\"fr-FR\",\"@id\":\"https:\/\/www.www.richter.ca\/#\/schema\/logo\/image\/\",\"url\":\"https:\/\/www.richter.ca\/wp-content\/uploads\/2018\/08\/logo.png\",\"contentUrl\":\"https:\/\/www.richter.ca\/wp-content\/uploads\/2018\/08\/logo.png\",\"width\":128,\"height\":24,\"caption\":\"Richter\"},\"image\":{\"@id\":\"https:\/\/www.www.richter.ca\/#\/schema\/logo\/image\/\"},\"sameAs\":[\"https:\/\/www.facebook.com\/Richtercanada\/\",\"https:\/\/x.com\/richtercanada\",\"https:\/\/www.instagram.com\/richtercanada\",\"https:\/\/www.linkedin.com\/company\/richter\/?trk=hb_tab_compy_id_255303\"],\"address\":[{\"@type\":\"PostalAddress\",\"addressLocality\":\"Montreal, QC, Canada\",\"postalCode\":\"H3A 0G6\",\"streetAddress\":\"1981 McGill College, #1100 The Richter Tower\"},{\"@type\":\"PostalAddress\",\"addressLocality\":\"Toronto, ON, Canada\",\"postalCode\":\"M5J 2T3\",\"streetAddress\":\"181 Bay St. #3510 Bay Wellington Tower\"},{\"@type\":\"PostalAddress\",\"addressLocality\":\"Chicago, IL, United States\",\"postalCode\":\"60606\",\"streetAddress\":\"200 South Wacker, #3100\"}],\"contactPoint\":[{\"@type\":\"ContactPoint\",\"telephone\":\"+1-514-934-3400\",\"contactType\":\"Montreal office\"},{\"@type\":\"ContactPoint\",\"telephone\":\"+1-416-488-2345\",\"contactType\":\"Toronto office\"},{\"@type\":\"ContactPoint\",\"telephone\":\"+1-312-828-0800\",\"contactType\":\"Chicago office\"}]}]}<\/script>\n<!-- \/ Yoast SEO plugin. -->","yoast_head_json":{"title":"Soci\u00e9t\u00e9 canadienne du cancer - Richter","description":"Michel est membre du Conseil d'administration et pr\u00e9sident du Comit\u00e9 d\u2019audit et de gestions des risques de la Soci\u00e9t\u00e9 canadienne du cancer - Division du Qu\u00e9bec depuis 2014.","robots":{"index":"index","follow":"follow","max-snippet":"max-snippet:-1","max-image-preview":"max-image-preview:large","max-video-preview":"max-video-preview:-1"},"og_locale":"fr_FR","og_type":"article","og_title":"Soci\u00e9t\u00e9 canadienne du cancer - Richter","og_description":"Michel est membre du Conseil d'administration et pr\u00e9sident du Comit\u00e9 d\u2019audit et de gestions des risques de la Soci\u00e9t\u00e9 canadienne du cancer - Division du Qu\u00e9bec depuis 2014.","og_url":"https:\/\/www.www.richter.ca\/fr\/nos-reflexions\/rencontrez-michel-reinhardt-associe\/","og_site_name":"Richter","article_publisher":"https:\/\/www.facebook.com\/Richtercanada\/","article_modified_time":"2022-03-13T19:00:30+00:00","og_image":[{"width":1920,"height":1008,"url":"https:\/\/richterca.tor1.digitaloceanspaces.com\/wp-content\/uploads\/2018\/08\/share-og.jpg","type":"image\/jpeg"}],"twitter_card":"summary_large_image","twitter_site":"@richtercanada","twitter_misc":{"Dur\u00e9e de lecture estim\u00e9e":"3 minutes"},"schema":{"@context":"https:\/\/schema.org","@graph":[{"@type":"WebPage","@id":"https:\/\/www.www.richter.ca\/fr\/nos-reflexions\/rencontrez-michel-reinhardt-associe\/","url":"https:\/\/www.www.richter.ca\/fr\/nos-reflexions\/rencontrez-michel-reinhardt-associe\/","name":"Soci\u00e9t\u00e9 canadienne du cancer - Richter","isPartOf":{"@id":"https:\/\/www.www.richter.ca\/#website"},"datePublished":"2018-09-17T15:24:34+00:00","dateModified":"2022-03-13T19:00:30+00:00","description":"Michel est membre du Conseil d'administration et pr\u00e9sident du Comit\u00e9 d\u2019audit et de gestions des risques de la Soci\u00e9t\u00e9 canadienne du cancer - Division du Qu\u00e9bec depuis 2014.","breadcrumb":{"@id":"https:\/\/www.www.richter.ca\/fr\/nos-reflexions\/rencontrez-michel-reinhardt-associe\/#breadcrumb"},"inLanguage":"fr-FR","potentialAction":[{"@type":"ReadAction","target":["https:\/\/www.www.richter.ca\/fr\/nos-reflexions\/rencontrez-michel-reinhardt-associe\/"]}]},{"@type":"BreadcrumbList","@id":"https:\/\/www.www.richter.ca\/fr\/nos-reflexions\/rencontrez-michel-reinhardt-associe\/#breadcrumb","itemListElement":[{"@type":"ListItem","position":1,"name":"Richter","item":"https:\/\/www.richter.ca\/fr\/accueil\/"},{"@type":"ListItem","position":2,"name":"Insights","item":"https:\/\/www.www.richter.ca\/fr\/nos-reflexions\/"},{"@type":"ListItem","position":3,"name":"Soci\u00e9t\u00e9 canadienne du cancer"}]},{"@type":"WebSite","@id":"https:\/\/www.www.richter.ca\/#website","url":"https:\/\/www.www.richter.ca\/","name":"Richter","description":"Un site utilisant WordPress","publisher":{"@id":"https:\/\/www.www.richter.ca\/#organization"},"potentialAction":[{"@type":"SearchAction","target":{"@type":"EntryPoint","urlTemplate":"https:\/\/www.www.richter.ca\/?s={search_term_string}"},"query-input":{"@type":"PropertyValueSpecification","valueRequired":true,"valueName":"search_term_string"}}],"inLanguage":"fr-FR"},{"@type":"Organization","@id":"https:\/\/www.www.richter.ca\/#organization","name":"Richter","url":"https:\/\/www.www.richter.ca\/","logo":{"@type":"ImageObject","inLanguage":"fr-FR","@id":"https:\/\/www.www.richter.ca\/#\/schema\/logo\/image\/","url":"https:\/\/www.richter.ca\/wp-content\/uploads\/2018\/08\/logo.png","contentUrl":"https:\/\/www.richter.ca\/wp-content\/uploads\/2018\/08\/logo.png","width":128,"height":24,"caption":"Richter"},"image":{"@id":"https:\/\/www.www.richter.ca\/#\/schema\/logo\/image\/"},"sameAs":["https:\/\/www.facebook.com\/Richtercanada\/","https:\/\/x.com\/richtercanada","https:\/\/www.instagram.com\/richtercanada","https:\/\/www.linkedin.com\/company\/richter\/?trk=hb_tab_compy_id_255303"],"address":[{"@type":"PostalAddress","addressLocality":"Montreal, QC, Canada","postalCode":"H3A 0G6","streetAddress":"1981 McGill College, #1100 The Richter Tower"},{"@type":"PostalAddress","addressLocality":"Toronto, ON, Canada","postalCode":"M5J 2T3","streetAddress":"181 Bay St. #3510 Bay Wellington Tower"},{"@type":"PostalAddress","addressLocality":"Chicago, IL, United States","postalCode":"60606","streetAddress":"200 South Wacker, #3100"}],"contactPoint":[{"@type":"ContactPoint","telephone":"+1-514-934-3400","contactType":"Montreal office"},{"@type":"ContactPoint","telephone":"+1-416-488-2345","contactType":"Toronto office"},{"@type":"ContactPoint","telephone":"+1-312-828-0800","contactType":"Chicago office"}]}]}},"_links":{"self":[{"href":"https:\/\/www.richter.ca\/fr\/wp-json\/wp\/v2\/insights\/5316","targetHints":{"allow":["GET"]}}],"collection":[{"href":"https:\/\/www.richter.ca\/fr\/wp-json\/wp\/v2\/insights"}],"about":[{"href":"https:\/\/www.richter.ca\/fr\/wp-json\/wp\/v2\/types\/insights"}],"wp:attachment":[{"href":"https:\/\/www.richter.ca\/fr\/wp-json\/wp\/v2\/media?parent=5316"}],"wp:term":[{"taxonomy":"insights-type","embeddable":true,"href":"https:\/\/www.richter.ca\/fr\/wp-json\/wp\/v2\/insights-type?post=5316"}],"curies":[{"name":"wp","href":"https:\/\/api.w.org\/{rel}","templated":true}]}}