{"id":6162,"date":"2018-10-24T19:51:50","date_gmt":"2018-10-24T17:51:50","guid":{"rendered":"https:\/\/www.richter.ca\/?p=6162"},"modified":"2021-04-14T16:34:50","modified_gmt":"2021-04-14T14:34:50","slug":"un-moment-epique-en-compagnie-de-darren-morenstein","status":"publish","type":"insights","link":"https:\/\/www.richter.ca\/fr\/nos-reflexions\/un-moment-epique-en-compagnie-de-darren-morenstein\/","title":{"rendered":"Un moment \u00ab \u00e9pique \u00bb en compagnie de Darren Morenstein"},"content":{"rendered":"<p>Nous avons eu l\u2019immense honneur d\u2019avoir accueilli un \u00e9v\u00e9nement pour les membres <a href=\"https:\/\/www.eonetwork.org\/montreal\" target=\"_blank\" rel=\"noopener noreferrer\">de la section de Montr\u00e9al de l\u2019Entrepreneurs\u2019 Organization (EO)<\/a>. L\u2019invit\u00e9 d\u2019honneur pour l\u2019occasion \u00e9tait un entrepreneur montr\u00e9alais de renom\u00a0: Darren\u00a0Morenstein, cofondateur de NextTime Productions, l\u2019entreprise qui produit le contenu de la populaire cha\u00eene YouTube <a href=\"https:\/\/www.youtube.com\/channel\/UCYjk_zY-iYR8YNfJmuzd70A\" target=\"_blank\" rel=\"noopener noreferrer\">Epic Meal Time<\/a>.<\/p>\n<p><img loading=\"lazy\" decoding=\"async\" class=\"alignright wp-image-6163 size-full\" src=\"https:\/\/richterca.tor1.digitaloceanspaces.com\/wp-content\/uploads\/2018\/10\/eo_phone_3-1.jpg\" alt=\"Des membres de Richter avec Darren Morenstein\" width=\"640\" height=\"480\" srcset=\"https:\/\/richterca.tor1.digitaloceanspaces.com\/wp-content\/uploads\/2018\/10\/eo_phone_3-1.jpg 640w, https:\/\/richterca.tor1.digitaloceanspaces.com\/wp-content\/uploads\/2018\/10\/eo_phone_3-1-600x450.jpg 600w\" sizes=\"auto, (max-width: 640px) 100vw, 640px\" \/><\/p>\n<p>Darren\u00a0Morenstein a commenc\u00e9 sa carri\u00e8re dans l\u2019enseignement comme suppl\u00e9ant. Mais d\u00e8s l\u2019arriv\u00e9e de YouTube et des m\u00e9dias sociaux, lui et son fr\u00e8re ont saisi l\u2019importance que prenait ce ph\u00e9nom\u00e8ne. Ils ont commenc\u00e9 par diffuser une vid\u00e9o sur une pizza \u00ab\u00a0d\u00e9cadente\u00a0\u00bb sans savoir qu\u2019ils jetaient les bases d\u2019un empire m\u00e9diatique. \u00c0 ce jour, Epic Meal Time compte plus de 7\u00a0millions d\u2019abonn\u00e9s. Darren a ainsi cofond\u00e9 une marque et une entreprise en devenant l\u2019un des premiers youtubeurs entrepreneurs \u00e0 aller chercher des revenus en dehors d\u2019un mod\u00e8le d\u2019affaires traditionnel. De l\u2019ampleur immense d\u2019Epic Meal Time sont n\u00e9s une entente pour la publication d\u2019un livre de recettes, des produits \u00e0 l\u2019effigie de la marque, la production de contenu pour de grandes vedettes d\u2019Hollywood et, tout r\u00e9cemment, le lancement, par Next Time Productions, d\u2019une marque dans le secteur alimentaire, Super Snack Time.<\/p>\n<p>Lors de l\u2019\u00e9v\u00e9nement d\u2019EO, Darren a parl\u00e9 de ses d\u00e9buts fulgurants sur YouTube et a transmis de pr\u00e9cieux conseils et le\u00e7ons tir\u00e9es de son parcours qui ont su inspirer et \u00e9tonner les participants.<\/p>\n<p><a href=\"https:\/\/www.richter.ca\/fr\/experts\/scott-binns\/\" target=\"_blank\" rel=\"noopener noreferrer\">Scott Binns<\/a>, associ\u00e9 chez Richter, animait la discussion. Voici les meilleurs conseils et le\u00e7ons \u00e0 retenir transmis par Darren\u00a0:<\/p>\n<ul>\n<li>Au sujet du travail d\u2019\u00e9quipe\u00a0: \u00ab\u00a0Il vaut parfois mieux mettre l\u2019accent sur les gens que sur les ententes. Tout tourne autour des relations.\u00a0\u00bb<\/li>\n<li>Au sujet de la r\u00e9ussite sur les m\u00e9dias sociaux\u00a0: \u00ab\u00a0Nous voulions que les gens voient notre authenticit\u00e9. C\u2019est la cl\u00e9 du succ\u00e8s sur les m\u00e9dias sociaux. Si vous essayez d\u2019\u00eatre original sans \u00eatre authentique, le public le remarquera.\u00a0\u00bb<\/li>\n<li>Au sujet des tendances sociales\u00a0: \u00ab\u00a0Un expert des m\u00e9dias sociaux, \u00e7a n\u2019existe pas vraiment. Personne ne sait ce qui arrivera. Prenez l\u2019exemple de Vine, qui n\u2019a surv\u00e9cu qu\u2019une journ\u00e9e.\u00a0\u00bb<\/li>\n<li>Au sujet de la croissance\u00a0: \u00ab\u00a0Il faut faire preuve de patience. Essayez de faire les choses diff\u00e9remment et faites des tests.\u00a0\u00bb<\/li>\n<li>Principale le\u00e7on \u00e0 retenir\u00a0: \u00ab\u00a0Toutes ces occasions fantastiques \u00e9manent des relations que nous avons \u00e9tablies.\u00a0\u00bb<\/li>\n<\/ul>\n<p>Nous tenons \u00e0 remercier Darren d\u2019avoir pris le temps de s\u2019adresser aux participants de l\u2019\u00e9v\u00e9nement EO et d\u2019avoir eu la g\u00e9n\u00e9rosit\u00e9 de leur transmettre de pr\u00e9cieux conseils.<\/p>\n<p>&nbsp;<\/p>\n","protected":false},"excerpt":{"rendered":"<p>Nous avons eu l\u2019immense honneur d\u2019avoir accueilli un \u00e9v\u00e9nement pour les membres de la section de Montr\u00e9al de l\u2019Entrepreneurs\u2019 Organization (EO). L\u2019invit\u00e9 d\u2019honneur pour l\u2019occasion \u00e9tait un entrepreneur montr\u00e9alais de renom\u00a0: Darren\u00a0Morenstein, cofondateur de NextTime Productions, l\u2019entreprise qui produit le contenu de la populaire cha\u00eene YouTube Epic Meal Time. Darren\u00a0Morenstein a commenc\u00e9 sa carri\u00e8re dans [&hellip;]<\/p>\n","protected":false},"featured_media":0,"template":"","insights-type":[1371],"class_list":["post-6162","insights","type-insights","status-publish","hentry","insights-type-optimiser-vos-activites"],"acf":[],"yoast_head":"<!-- This site is optimized with the Yoast SEO plugin v26.9 - https:\/\/yoast.com\/product\/yoast-seo-wordpress\/ -->\n<title>Un moment \u00ab \u00e9pique \u00bb en compagnie de Darren Morenstein - Richter<\/title>\n<meta name=\"description\" content=\"Nous avons eu l\u2019immense honneur d\u2019avoir accueilli un \u00e9v\u00e9nement pour les membres de la section de Montr\u00e9al de l\u2019Entrepreneurs\u2019 Organization (EO). L\u2019invit\u00e9 Nous avons eu l\u2019immense honneur d\u2019avoir accueilli un \u00e9v\u00e9nement pour les membres de la section de Montr\u00e9al de l\u2019Entrepreneurs\u2019 Organization (EO). L\u2019invit\u00e9 d\u2019honneur pour l\u2019occasion \u00e9tait un entrepreneur montr\u00e9alais de renom\u00a0: Darren\u00a0Morenstein.\" \/>\n<meta name=\"robots\" content=\"index, follow, max-snippet:-1, max-image-preview:large, max-video-preview:-1\" \/>\n<meta property=\"og:locale\" content=\"fr_FR\" \/>\n<meta property=\"og:type\" content=\"article\" \/>\n<meta property=\"og:title\" content=\"Un moment \u00ab \u00e9pique \u00bb en compagnie de Darren Morenstein - Richter\" \/>\n<meta property=\"og:description\" content=\"Nous avons eu l\u2019immense honneur d\u2019avoir accueilli un \u00e9v\u00e9nement pour les membres de la section de Montr\u00e9al de l\u2019Entrepreneurs\u2019 Organization (EO). L\u2019invit\u00e9 Nous avons eu l\u2019immense honneur d\u2019avoir accueilli un \u00e9v\u00e9nement pour les membres de la section de Montr\u00e9al de l\u2019Entrepreneurs\u2019 Organization (EO). L\u2019invit\u00e9 d\u2019honneur pour l\u2019occasion \u00e9tait un entrepreneur montr\u00e9alais de renom\u00a0: Darren\u00a0Morenstein.\" \/>\n<meta property=\"og:url\" content=\"https:\/\/www.www.richter.ca\/fr\/nos-reflexions\/un-moment-epique-en-compagnie-de-darren-morenstein\/\" \/>\n<meta property=\"og:site_name\" content=\"Richter\" \/>\n<meta property=\"article:publisher\" content=\"https:\/\/www.facebook.com\/Richtercanada\/\" \/>\n<meta property=\"article:modified_time\" content=\"2021-04-14T14:34:50+00:00\" \/>\n<meta property=\"og:image\" content=\"https:\/\/www.www.richter.ca\/wp-content\/uploads\/2018\/10\/eo_phone_3-1.jpg\" \/>\n<meta name=\"twitter:card\" content=\"summary_large_image\" \/>\n<meta name=\"twitter:site\" content=\"@richtercanada\" \/>\n<meta name=\"twitter:label1\" content=\"Dur\u00e9e de lecture estim\u00e9e\" \/>\n\t<meta name=\"twitter:data1\" content=\"2 minutes\" \/>\n<script type=\"application\/ld+json\" class=\"yoast-schema-graph\">{\"@context\":\"https:\/\/schema.org\",\"@graph\":[{\"@type\":\"WebPage\",\"@id\":\"https:\/\/www.www.richter.ca\/fr\/nos-reflexions\/un-moment-epique-en-compagnie-de-darren-morenstein\/\",\"url\":\"https:\/\/www.www.richter.ca\/fr\/nos-reflexions\/un-moment-epique-en-compagnie-de-darren-morenstein\/\",\"name\":\"Un moment \u00ab \u00e9pique \u00bb en compagnie de Darren Morenstein - Richter\",\"isPartOf\":{\"@id\":\"https:\/\/www.www.richter.ca\/#website\"},\"primaryImageOfPage\":{\"@id\":\"https:\/\/www.www.richter.ca\/fr\/nos-reflexions\/un-moment-epique-en-compagnie-de-darren-morenstein\/#primaryimage\"},\"image\":{\"@id\":\"https:\/\/www.www.richter.ca\/fr\/nos-reflexions\/un-moment-epique-en-compagnie-de-darren-morenstein\/#primaryimage\"},\"thumbnailUrl\":\"https:\/\/www.richter.ca\/wp-content\/uploads\/2018\/10\/eo_phone_3-1.jpg\",\"datePublished\":\"2018-10-24T17:51:50+00:00\",\"dateModified\":\"2021-04-14T14:34:50+00:00\",\"description\":\"Nous avons eu l\u2019immense honneur d\u2019avoir accueilli un \u00e9v\u00e9nement pour les membres de la section de Montr\u00e9al de l\u2019Entrepreneurs\u2019 Organization (EO). L\u2019invit\u00e9 Nous avons eu l\u2019immense honneur d\u2019avoir accueilli un \u00e9v\u00e9nement pour les membres de la section de Montr\u00e9al de l\u2019Entrepreneurs\u2019 Organization (EO). L\u2019invit\u00e9 d\u2019honneur pour l\u2019occasion \u00e9tait un entrepreneur montr\u00e9alais de renom\u00a0: Darren\u00a0Morenstein.\",\"breadcrumb\":{\"@id\":\"https:\/\/www.www.richter.ca\/fr\/nos-reflexions\/un-moment-epique-en-compagnie-de-darren-morenstein\/#breadcrumb\"},\"inLanguage\":\"fr-FR\",\"potentialAction\":[{\"@type\":\"ReadAction\",\"target\":[\"https:\/\/www.www.richter.ca\/fr\/nos-reflexions\/un-moment-epique-en-compagnie-de-darren-morenstein\/\"]}]},{\"@type\":\"ImageObject\",\"inLanguage\":\"fr-FR\",\"@id\":\"https:\/\/www.www.richter.ca\/fr\/nos-reflexions\/un-moment-epique-en-compagnie-de-darren-morenstein\/#primaryimage\",\"url\":\"https:\/\/www.richter.ca\/wp-content\/uploads\/2018\/10\/eo_phone_3-1.jpg\",\"contentUrl\":\"https:\/\/www.richter.ca\/wp-content\/uploads\/2018\/10\/eo_phone_3-1.jpg\"},{\"@type\":\"BreadcrumbList\",\"@id\":\"https:\/\/www.www.richter.ca\/fr\/nos-reflexions\/un-moment-epique-en-compagnie-de-darren-morenstein\/#breadcrumb\",\"itemListElement\":[{\"@type\":\"ListItem\",\"position\":1,\"name\":\"Richter\",\"item\":\"https:\/\/www.richter.ca\/fr\/accueil\/\"},{\"@type\":\"ListItem\",\"position\":2,\"name\":\"Insights\",\"item\":\"https:\/\/www.www.richter.ca\/fr\/nos-reflexions\/\"},{\"@type\":\"ListItem\",\"position\":3,\"name\":\"Un moment \u00ab \u00e9pique \u00bb en compagnie de Darren Morenstein\"}]},{\"@type\":\"WebSite\",\"@id\":\"https:\/\/www.www.richter.ca\/#website\",\"url\":\"https:\/\/www.www.richter.ca\/\",\"name\":\"Richter\",\"description\":\"Un site utilisant WordPress\",\"publisher\":{\"@id\":\"https:\/\/www.www.richter.ca\/#organization\"},\"potentialAction\":[{\"@type\":\"SearchAction\",\"target\":{\"@type\":\"EntryPoint\",\"urlTemplate\":\"https:\/\/www.www.richter.ca\/?s={search_term_string}\"},\"query-input\":{\"@type\":\"PropertyValueSpecification\",\"valueRequired\":true,\"valueName\":\"search_term_string\"}}],\"inLanguage\":\"fr-FR\"},{\"@type\":\"Organization\",\"@id\":\"https:\/\/www.www.richter.ca\/#organization\",\"name\":\"Richter\",\"url\":\"https:\/\/www.www.richter.ca\/\",\"logo\":{\"@type\":\"ImageObject\",\"inLanguage\":\"fr-FR\",\"@id\":\"https:\/\/www.www.richter.ca\/#\/schema\/logo\/image\/\",\"url\":\"https:\/\/www.richter.ca\/wp-content\/uploads\/2018\/08\/logo.png\",\"contentUrl\":\"https:\/\/www.richter.ca\/wp-content\/uploads\/2018\/08\/logo.png\",\"width\":128,\"height\":24,\"caption\":\"Richter\"},\"image\":{\"@id\":\"https:\/\/www.www.richter.ca\/#\/schema\/logo\/image\/\"},\"sameAs\":[\"https:\/\/www.facebook.com\/Richtercanada\/\",\"https:\/\/x.com\/richtercanada\",\"https:\/\/www.instagram.com\/richtercanada\",\"https:\/\/www.linkedin.com\/company\/richter\/?trk=hb_tab_compy_id_255303\"],\"address\":[{\"@type\":\"PostalAddress\",\"addressLocality\":\"Montreal, QC, Canada\",\"postalCode\":\"H3A 0G6\",\"streetAddress\":\"1981 McGill College, #1100 The Richter Tower\"},{\"@type\":\"PostalAddress\",\"addressLocality\":\"Toronto, ON, Canada\",\"postalCode\":\"M5J 2T3\",\"streetAddress\":\"181 Bay St. #3510 Bay Wellington Tower\"},{\"@type\":\"PostalAddress\",\"addressLocality\":\"Chicago, IL, United States\",\"postalCode\":\"60606\",\"streetAddress\":\"200 South Wacker, #3100\"}],\"contactPoint\":[{\"@type\":\"ContactPoint\",\"telephone\":\"+1-514-934-3400\",\"contactType\":\"Montreal office\"},{\"@type\":\"ContactPoint\",\"telephone\":\"+1-416-488-2345\",\"contactType\":\"Toronto office\"},{\"@type\":\"ContactPoint\",\"telephone\":\"+1-312-828-0800\",\"contactType\":\"Chicago office\"}]}]}<\/script>\n<!-- \/ Yoast SEO plugin. -->","yoast_head_json":{"title":"Un moment \u00ab \u00e9pique \u00bb en compagnie de Darren Morenstein - Richter","description":"Nous avons eu l\u2019immense honneur d\u2019avoir accueilli un \u00e9v\u00e9nement pour les membres de la section de Montr\u00e9al de l\u2019Entrepreneurs\u2019 Organization (EO). L\u2019invit\u00e9 Nous avons eu l\u2019immense honneur d\u2019avoir accueilli un \u00e9v\u00e9nement pour les membres de la section de Montr\u00e9al de l\u2019Entrepreneurs\u2019 Organization (EO). L\u2019invit\u00e9 d\u2019honneur pour l\u2019occasion \u00e9tait un entrepreneur montr\u00e9alais de renom\u00a0: Darren\u00a0Morenstein.","robots":{"index":"index","follow":"follow","max-snippet":"max-snippet:-1","max-image-preview":"max-image-preview:large","max-video-preview":"max-video-preview:-1"},"og_locale":"fr_FR","og_type":"article","og_title":"Un moment \u00ab \u00e9pique \u00bb en compagnie de Darren Morenstein - Richter","og_description":"Nous avons eu l\u2019immense honneur d\u2019avoir accueilli un \u00e9v\u00e9nement pour les membres de la section de Montr\u00e9al de l\u2019Entrepreneurs\u2019 Organization (EO). L\u2019invit\u00e9 Nous avons eu l\u2019immense honneur d\u2019avoir accueilli un \u00e9v\u00e9nement pour les membres de la section de Montr\u00e9al de l\u2019Entrepreneurs\u2019 Organization (EO). L\u2019invit\u00e9 d\u2019honneur pour l\u2019occasion \u00e9tait un entrepreneur montr\u00e9alais de renom\u00a0: Darren\u00a0Morenstein.","og_url":"https:\/\/www.www.richter.ca\/fr\/nos-reflexions\/un-moment-epique-en-compagnie-de-darren-morenstein\/","og_site_name":"Richter","article_publisher":"https:\/\/www.facebook.com\/Richtercanada\/","article_modified_time":"2021-04-14T14:34:50+00:00","og_image":[{"url":"https:\/\/www.www.richter.ca\/wp-content\/uploads\/2018\/10\/eo_phone_3-1.jpg","type":"","width":"","height":""}],"twitter_card":"summary_large_image","twitter_site":"@richtercanada","twitter_misc":{"Dur\u00e9e de lecture estim\u00e9e":"2 minutes"},"schema":{"@context":"https:\/\/schema.org","@graph":[{"@type":"WebPage","@id":"https:\/\/www.www.richter.ca\/fr\/nos-reflexions\/un-moment-epique-en-compagnie-de-darren-morenstein\/","url":"https:\/\/www.www.richter.ca\/fr\/nos-reflexions\/un-moment-epique-en-compagnie-de-darren-morenstein\/","name":"Un moment \u00ab \u00e9pique \u00bb en compagnie de Darren Morenstein - Richter","isPartOf":{"@id":"https:\/\/www.www.richter.ca\/#website"},"primaryImageOfPage":{"@id":"https:\/\/www.www.richter.ca\/fr\/nos-reflexions\/un-moment-epique-en-compagnie-de-darren-morenstein\/#primaryimage"},"image":{"@id":"https:\/\/www.www.richter.ca\/fr\/nos-reflexions\/un-moment-epique-en-compagnie-de-darren-morenstein\/#primaryimage"},"thumbnailUrl":"https:\/\/www.richter.ca\/wp-content\/uploads\/2018\/10\/eo_phone_3-1.jpg","datePublished":"2018-10-24T17:51:50+00:00","dateModified":"2021-04-14T14:34:50+00:00","description":"Nous avons eu l\u2019immense honneur d\u2019avoir accueilli un \u00e9v\u00e9nement pour les membres de la section de Montr\u00e9al de l\u2019Entrepreneurs\u2019 Organization (EO). L\u2019invit\u00e9 Nous avons eu l\u2019immense honneur d\u2019avoir accueilli un \u00e9v\u00e9nement pour les membres de la section de Montr\u00e9al de l\u2019Entrepreneurs\u2019 Organization (EO). L\u2019invit\u00e9 d\u2019honneur pour l\u2019occasion \u00e9tait un entrepreneur montr\u00e9alais de renom\u00a0: Darren\u00a0Morenstein.","breadcrumb":{"@id":"https:\/\/www.www.richter.ca\/fr\/nos-reflexions\/un-moment-epique-en-compagnie-de-darren-morenstein\/#breadcrumb"},"inLanguage":"fr-FR","potentialAction":[{"@type":"ReadAction","target":["https:\/\/www.www.richter.ca\/fr\/nos-reflexions\/un-moment-epique-en-compagnie-de-darren-morenstein\/"]}]},{"@type":"ImageObject","inLanguage":"fr-FR","@id":"https:\/\/www.www.richter.ca\/fr\/nos-reflexions\/un-moment-epique-en-compagnie-de-darren-morenstein\/#primaryimage","url":"https:\/\/www.richter.ca\/wp-content\/uploads\/2018\/10\/eo_phone_3-1.jpg","contentUrl":"https:\/\/www.richter.ca\/wp-content\/uploads\/2018\/10\/eo_phone_3-1.jpg"},{"@type":"BreadcrumbList","@id":"https:\/\/www.www.richter.ca\/fr\/nos-reflexions\/un-moment-epique-en-compagnie-de-darren-morenstein\/#breadcrumb","itemListElement":[{"@type":"ListItem","position":1,"name":"Richter","item":"https:\/\/www.richter.ca\/fr\/accueil\/"},{"@type":"ListItem","position":2,"name":"Insights","item":"https:\/\/www.www.richter.ca\/fr\/nos-reflexions\/"},{"@type":"ListItem","position":3,"name":"Un moment \u00ab \u00e9pique \u00bb en compagnie de Darren Morenstein"}]},{"@type":"WebSite","@id":"https:\/\/www.www.richter.ca\/#website","url":"https:\/\/www.www.richter.ca\/","name":"Richter","description":"Un site utilisant WordPress","publisher":{"@id":"https:\/\/www.www.richter.ca\/#organization"},"potentialAction":[{"@type":"SearchAction","target":{"@type":"EntryPoint","urlTemplate":"https:\/\/www.www.richter.ca\/?s={search_term_string}"},"query-input":{"@type":"PropertyValueSpecification","valueRequired":true,"valueName":"search_term_string"}}],"inLanguage":"fr-FR"},{"@type":"Organization","@id":"https:\/\/www.www.richter.ca\/#organization","name":"Richter","url":"https:\/\/www.www.richter.ca\/","logo":{"@type":"ImageObject","inLanguage":"fr-FR","@id":"https:\/\/www.www.richter.ca\/#\/schema\/logo\/image\/","url":"https:\/\/www.richter.ca\/wp-content\/uploads\/2018\/08\/logo.png","contentUrl":"https:\/\/www.richter.ca\/wp-content\/uploads\/2018\/08\/logo.png","width":128,"height":24,"caption":"Richter"},"image":{"@id":"https:\/\/www.www.richter.ca\/#\/schema\/logo\/image\/"},"sameAs":["https:\/\/www.facebook.com\/Richtercanada\/","https:\/\/x.com\/richtercanada","https:\/\/www.instagram.com\/richtercanada","https:\/\/www.linkedin.com\/company\/richter\/?trk=hb_tab_compy_id_255303"],"address":[{"@type":"PostalAddress","addressLocality":"Montreal, QC, Canada","postalCode":"H3A 0G6","streetAddress":"1981 McGill College, #1100 The Richter Tower"},{"@type":"PostalAddress","addressLocality":"Toronto, ON, Canada","postalCode":"M5J 2T3","streetAddress":"181 Bay St. #3510 Bay Wellington Tower"},{"@type":"PostalAddress","addressLocality":"Chicago, IL, United States","postalCode":"60606","streetAddress":"200 South Wacker, #3100"}],"contactPoint":[{"@type":"ContactPoint","telephone":"+1-514-934-3400","contactType":"Montreal office"},{"@type":"ContactPoint","telephone":"+1-416-488-2345","contactType":"Toronto office"},{"@type":"ContactPoint","telephone":"+1-312-828-0800","contactType":"Chicago office"}]}]}},"_links":{"self":[{"href":"https:\/\/www.richter.ca\/fr\/wp-json\/wp\/v2\/insights\/6162","targetHints":{"allow":["GET"]}}],"collection":[{"href":"https:\/\/www.richter.ca\/fr\/wp-json\/wp\/v2\/insights"}],"about":[{"href":"https:\/\/www.richter.ca\/fr\/wp-json\/wp\/v2\/types\/insights"}],"wp:attachment":[{"href":"https:\/\/www.richter.ca\/fr\/wp-json\/wp\/v2\/media?parent=6162"}],"wp:term":[{"taxonomy":"insights-type","embeddable":true,"href":"https:\/\/www.richter.ca\/fr\/wp-json\/wp\/v2\/insights-type?post=6162"}],"curies":[{"name":"wp","href":"https:\/\/api.w.org\/{rel}","templated":true}]}}